{"id":1468,"date":"2019-07-23T22:51:26","date_gmt":"2019-07-23T22:51:26","guid":{"rendered":"https:\/\/immigrationeu.fr\/?page_id=1468"},"modified":"2023-08-17T09:21:33","modified_gmt":"2023-08-17T09:21:33","slug":"france-competences-et-talents","status":"publish","type":"page","link":"https:\/\/immigrationeu.fr\/fr\/france-competences-et-talents\/","title":{"rendered":"France: Comp\u00e9tences et talents"},"content":{"rendered":"<p>[vc_row full_width=\u00a0\u00bbstretch_row\u00a0\u00bb content_placement=\u00a0\u00bbtop\u00a0\u00bb background_position=\u00a0\u00bbcenter center\u00a0\u00bb css=\u00a0\u00bb.vc_custom_1561307096783{padding-top: 80px !important;padding-bottom: 80px !important;background-image: url(https:\/\/immigrationeu.fr\/wp-content\/uploads\/2019\/06\/celvin-purnama-65810-unsplash-1.jpg?id=34) !important;background-position: center !important;background-repeat: no-repeat !important;background-size: cover !important;}\u00a0\u00bb][vc_column width=\u00a0\u00bb1\/6&Prime;][\/vc_column][vc_column width=\u00a0\u00bb2\/3&Prime; css=\u00a0\u00bb.vc_custom_1561305594558{background-color: rgba(20,39,78,0.51) !important;*background-color: rgb(104,0,0) !important;}\u00a0\u00bb][vc_custom_heading text=\u00a0\u00bbFRANCE: COMP\u00c9TENCES ET TALENTS\u00a0\u00bb font_container=\u00a0\u00bbtag:h1|font_size:30px|text_align:center|color:%23ffffff|line_height:32px\u00a0\u00bb use_theme_fonts=\u00a0\u00bbyes\u00a0\u00bb css=\u00a0\u00bb.vc_custom_1621998354590{margin-bottom: 0px !important;}\u00a0\u00bb][vc_custom_heading text=\u00a0\u00bb\u00a0\u00bb font_container=\u00a0\u00bbtag:h2|font_size:20px|text_align:center|color:%23ffffff|line_height:20px\u00a0\u00bb use_theme_fonts=\u00a0\u00bbyes\u00a0\u00bb css=\u00a0\u00bb.vc_custom_1621998343262{margin-bottom: 30px !important;}\u00a0\u00bb][\/vc_column][vc_column width=\u00a0\u00bb1\/6&Prime;][\/vc_column][\/vc_row][vc_row full_width=\u00a0\u00bbstretch_row_content\u00a0\u00bb css=\u00a0\u00bb.vc_custom_1562694247586{background-color: #f8f9fa !important;}\u00a0\u00bb][vc_column width=\u00a0\u00bb3\/4&Prime; offset=\u00a0\u00bbvc_hidden-sm vc_hidden-xs\u00a0\u00bb][vc_tta_tour shape=\u00a0\u00bbsquare\u00a0\u00bb spacing=\u00a0\u00bb\u00a0\u00bb active_section=\u00a0\u00bb1&Prime; el_id=\u00a0\u00bbbox_shadow\u00a0\u00bb][vc_tta_section title=\u00a0\u00bbMISSION\u00a0\u00bb tab_id=\u00a0\u00bb1561305738645-98d425ea-d949&Prime;][vc_column_text]<\/p>\n<p style=\"text-align: center;\"><strong>FRANCE: NOTRE MISSION<\/strong><\/p>\n<p>La France a lanc\u00e9 une s\u00e9rie d\u2019initiatives en mati\u00e8re d\u2019immigration intitul\u00e9e \u00ab Visa French Tech \u00bb ou \u00ab Passeport talents \u00bb, est destin\u00e9e \u00e0 attirer des entrepreneurs et des investisseurs qui souhaitent contribuer \u00e0 l\u2019attractivit\u00e9 \u00e9conomique de la France. En \u00e9change, il serait possible pour vous et pour les membres de votre famille d&rsquo;obtenir une autorisation de s\u00e9jour et de travail en France. Vous aurez la possibilit\u00e9 de b\u00e9n\u00e9ficier d\u2019un titre de s\u00e9jour pluriannuel valide jusqu&rsquo;\u00e0 4 ans.<\/p>\n<p>Si vous songez \u00e0 cr\u00e9er ou \u00e0 acheter une nouvelle entreprise ou bien une entreprise existante, notre \u00e9quipe d\u2019avocats et de consultants en immigration, Inimex et <a href=\"https:\/\/www.vip-serveis.com\/\">VIP Serveis<\/a>, vous accompagne tout au long du processus administratif.<\/p>\n<p>Nous vous invitons de prendre une consultation priv\u00e9e avec l&rsquo;un de nos agents d&rsquo;immigration exp\u00e9riment\u00e9s en ligne via : skype \/ WhatsApp \/ Viber \/ Telegram \/ WeChat \/ t\u00e9l\u00e9phone. Notre bureau Inimex France se fera un plaisir de r\u00e9pondre \u00e0 toutes vos questions concernant le processus d\u2019immigration en France par t\u00e9l\u00e9phone, WhatsApp ou Viber + 33-768-152-300, au + 33 621 662 009 ou par Skype (Linimex). Veuillez lire les conditions ci-dessous avant de r\u00e9server votre consultation priv\u00e9e. Nous demandons des frais de consultation standard de 120,00 \u20ac et sont d\u00e9duits de nos honoraires professionnels dans le cas o\u00f9 vous d\u00e9cideriez de proc\u00e9der avec notre offre de services compl\u00e8te.[\/vc_column_text][\/vc_tta_section][vc_tta_section title=\u00a0\u00bbEXIGENCES\u00a0\u00bb tab_id=\u00a0\u00bbexigences\u00a0\u00bb][vc_column_text]<\/p>\n<p style=\"text-align: center;\"><strong>FRANCE: EXIGENCES<\/strong><\/p>\n<p>La French Tech Visa est une proc\u00e9dure d\u00e9di\u00e9e pour l&rsquo;obtention d&rsquo;un titre de s\u00e9jour dans trois cat\u00e9gories: collaborateurs, fondateur et investisseur. Un candidat qui souhait s&rsquo;installer en France en investissant dans une entreprise fran\u00e7aise ou en fondent de start-up internationale s\u00e9lectionn\u00e9 par l&rsquo;incubateur\/acc\u00e9l\u00e9rateur partenaire ou un talent international recrut\u00e9 par une soci\u00e9t\u00e9 b\u00e9n\u00e9ficiaire du programme Pass French Tech peut \u00eatre \u00e9ligible de pr\u00e9senter une demander un titre de s\u00e9jour.<\/p>\n<p><strong>Les principales exigences pour les investisseurs sont:<\/strong><\/p>\n<ol>\n<li style=\"list-style-type: none;\">\n<ol>\n<li>Investir au moins 300 000 \u20ac dans une entreprise sp\u00e9cialis\u00e9e en technologie en France;<\/li>\n<li>Poss\u00e9der au moins 30% du capital autoris\u00e9;<\/li>\n<li>Poss\u00e9der au moins 10% de l&rsquo;entreprise dans laquelle vous investissez;<\/li>\n<li>Cr\u00e9er de nouveaux emplois ou bien pr\u00e9server les emplois dans l&rsquo;entreprise pendant au moins quatre (4) ans.<\/li>\n<\/ol>\n<\/li>\n<\/ol>\n<p><strong>Les principales conditions pour le collaborateur sont:<\/strong><\/p>\n<ol>\n<li style=\"list-style-type: none;\">\n<ol>\n<li>Conditions pour le salari\u00e9 qualifi\u00e9 (collaborateur) :<\/li>\n<li>Le collaborateur doit signer le contrat de travail tech visa avec r\u00e9mun\u00e9ration au moins \u00e9gale a 2x le SMIC (37 000 euros);<\/li>\n<li>\u00catre titulaire d&rsquo;un dipl\u00f4me \u00e9quivalent au niveau Master d\u00e9livre en France ou \u00eatre salari\u00e9 d&rsquo;une entreprise reconnue innovante;<\/li>\n<\/ol>\n<\/li>\n<\/ol>\n<p><strong>Les principales conditions pour le fondateur sont:<\/strong><\/p>\n<ol>\n<li style=\"list-style-type: none;\">\n<ol>\n<li>Avoir un salaire annuel (au moins 18 500 euros) ou des ressources financi\u00e8res;<\/li>\n<li>Justifier d&rsquo;un projet \u00e9conomique innovant, reel et s\u00e9rieux, reconnu par un organisme public;<\/li>\n<li>Avoir une lettre de la DGE certifiant que votre entreprise est bien s\u00e9lectionn\u00e9e comme tech innovant.<\/li>\n<\/ol>\n<\/li>\n<\/ol>\n<p>La premi\u00e8re carte de s\u00e9jour fran\u00e7aise d\u00e9livr\u00e9e au demandeur et aux membres de sa famille (conjoint et enfants \u00e0 charge) est \u00e9mise pour une p\u00e9riode allant jusqu&rsquo;\u00e0 4 ans, avec le droit de travailler en France.[\/vc_column_text][\/vc_tta_section][vc_tta_section title=\u00a0\u00bbDOCUMENTS\u00a0\u00bb tab_id=\u00a0\u00bbdocuments\u00a0\u00bb][vc_column_text]<\/p>\n<p style=\"text-align: center;\"><strong>FRANCE: LISTE DES DOCUMENTS<\/strong><\/p>\n<p>Les documents en langue \u00e9trang\u00e8re doivent \u00eatre traduits par un traducteur asserment\u00e9 aupr\u00e8s d&rsquo;une cour d&rsquo;appel. Le candidat qui souhaite pr\u00e9senter une demande de permis de s\u00e9jour en France en tant qu&rsquo;investisseurs, collaborateur ou fondateur doit fournir les pi\u00e8ces justificatives suivantes :<\/p>\n<ol>\n<li style=\"list-style-type: none;\">\n<ol>\n<li>Passeport ;<\/li>\n<li>Pi\u00e8ce d&rsquo;identit\u00e9 nationale ;<\/li>\n<li>Certificat de naissance ;<\/li>\n<li>Certificat de mariage et\/ou certificat de divorce ;<\/li>\n<li>CV ;<\/li>\n<li>Lettre de motivation ;<\/li>\n<li>Justificatifs de logement en France ;<\/li>\n<li>Couverture d&rsquo;assurance m\u00e9dicale en France ;<\/li>\n<li>Documents confirmant que vous remplissez les conditions pr\u00e9vues par les lois fran\u00e7aises sur l&rsquo;immigration ;<\/li>\n<li>Cassier judiciaire.<\/li>\n<\/ol>\n<\/li>\n<\/ol>\n<p><strong>Pi\u00e8ces \u00e0 fournir pour investisseur:<\/strong><\/p>\n<ol>\n<li style=\"list-style-type: none;\">\n<ol>\n<li>Justificatifs de la direction personnelle d\u2019une entreprise ou de la d\u00e9tention d\u2019au moins 30 % du capital d\u2019une soci\u00e9t\u00e9 qu\u2019il dirige;<\/li>\n<li>Justificatifs de la cr\u00e9ation ou de la sauvegarde, ou engagement \u00e0 cr\u00e9er ou sauvegarder, de l\u2019emploi dans les quatre ann\u00e9es qui suivent l\u2019investissement sur le territoire fran\u00e7ais : lettre d\u2019engagement avec cr\u00e9ation annuelle d\u2019emplois et plan d\u2019investissement de l\u2019\u00e9tranger (plan d\u2019affaire);<\/li>\n<li>Justificatifs de la r\u00e9alisation ou engagement \u00e0 effectuer sur le territoire fran\u00e7ais un investissement direct en immobilisations corporelles ou incorporelles d&rsquo;au moins 300 000 euros;<\/li>\n<li>Pour un investissement r\u00e9alis\u00e9 en fonds propres : un certificat de d\u00e9p\u00f4t de fonds propres sur un compte personnel ou professionnel dans un \u00e9tablissement de cr\u00e9dit de l\u2019Union europ\u00e9enne;<\/li>\n<li>Pour un investissement en fonds emprunt\u00e9s : un accord de principe de pr\u00eat \u00e9manant d\u2019un \u00e9tablissement de cr\u00e9dit de l\u2019Union europ\u00e9enne ou d\u2019un \u00e9tablissement \u00e9tranger dont les pratiques sont compatibles avec les dispositions du code mon\u00e9taire et financier;<\/li>\n<li>En cas d\u2019investissement d\u00e9j\u00e0 r\u00e9alis\u00e9 : Tout document de nature \u00e0 attester l\u2019effectivit\u00e9 de l\u2019investissement r\u00e9alis\u00e9, notamment une attestation de versement des fonds investis sur le compte de l\u2019entreprise \u00e0 hauteur de 300 000\u20ac minimum.<\/li>\n<\/ol>\n<\/li>\n<\/ol>\n<p><strong>Pi\u00e8ces \u00e0 fournir pour fondateur:<\/strong><\/p>\n<ol>\n<li style=\"list-style-type: none;\">\n<ol>\n<li>Document visant \u00e0 \u00e9tablir en raison notamment de sa nature, son objet et sa dur\u00e9e, le caract\u00e8re innovant de son projet \u00e9conomique en France;<\/li>\n<li>Document de nature \u00e0 \u00e9tablir la reconnaissance de son projet par un organisme public;<\/li>\n<li>Justification de moyens d\u2019existence correspondant au salaire minimum de croissance correspondant \u00e0 un temps plein.<\/li>\n<\/ol>\n<\/li>\n<\/ol>\n<p><strong>Pi\u00e8ces \u00e0 fournir pour le collaborateur:<\/strong><\/p>\n<div>\n<div>\n<ol>\n<li style=\"list-style-type: none;\">\n<ol>\n<li>Dipl\u00f4me au moins \u00e9quivalent au master\u00a0d\u00e9livr\u00e9 par un \u00e9tablissement fran\u00e7ais;<\/li>\n<li>Justificatif du statut d\u2019entreprise innovante;<\/li>\n<li>Attestation de l\u2019administration fiscale du statut de \u00ab JEI \u00bb (article 44 sexies 0A du code g\u00e9n\u00e9ral des imp\u00f4ts);<\/li>\n<li>Attestation du ministre charg\u00e9 de l\u2019\u00e9conomie reconnaissant le caract\u00e8re innovant de l\u2019entreprise.<\/li>\n<\/ol>\n<\/li>\n<\/ol>\n<\/div>\n<\/div>\n<p>[\/vc_column_text][\/vc_tta_section][vc_tta_section title=\u00a0\u00bbPROCESSUS\u00a0\u00bb tab_id=\u00a0\u00bbprocessus\u00a0\u00bb][vc_column_text]<\/p>\n<p style=\"text-align: center;\"><strong>FRANCE: PROCESSUS<\/strong><\/p>\n<ol>\n<li style=\"list-style-type: none;\">\n<ol>\n<li>Nous proposons de commencer par prendre une consultation priv\u00e9e pour avoir plus d&rsquo;informations quant au processus d&rsquo;immigration en France ;<\/li>\n<li>Nos collaborateurs vous guident et vous assistent dans l&rsquo;\u00e9laboration de votre projet, d&rsquo;un plan d&rsquo;affaires et d&rsquo;un plan financier ;<\/li>\n<li>Nous allons pr\u00e9senter une demande aupr\u00e8s de la pr\u00e9fecture de la ville de votre lieu d&rsquo;affaires pour obtenir des justificatifs confirmant que l&rsquo;entreprise r\u00e9pond \u00e0 divers b\u00e9n\u00e9fices et int\u00e9r\u00eats \u00e9conomiques en France ;<\/li>\n<li>Vous pourrez pr\u00e9senter une demande de visa d&rsquo;immigration en France aupr\u00e8s des autorit\u00e9s consulaires fran\u00e7aises de votre lieu de r\u00e9sidence ;<\/li>\n<li>Une fois que le visa fran\u00e7ais est d\u00e9livr\u00e9, vous pouvez voyager en France et \u00eatre soumis \u00e0 un entretien aupr\u00e8s des autorit\u00e9s d&rsquo;immigration fran\u00e7aise comp\u00e9tentes ;<\/li>\n<li>Le titre de s\u00e9jour vous est d\u00e9livr\u00e9 qui peut \u00eatre valide jusqu&rsquo;\u00e0 4 ans.<\/li>\n<\/ol>\n<\/li>\n<\/ol>\n<p>[\/vc_column_text][\/vc_tta_section][vc_tta_section title=\u00a0\u00bbNOTES\u00a0\u00bb tab_id=\u00a0\u00bbnotes\u00a0\u00bb][vc_column_text]<\/p>\n<p style=\"text-align: center;\"><strong>FRANCE: INFORMATIONS SUPPL\u00c9MENTAIRES<\/strong><\/p>\n<p><strong>Membres de la famille du demandeur :<\/strong><\/p>\n<p>L&rsquo;\u00e9poux(se) et les enfants \u00e0 charge du titulaire d&rsquo;un Passeport Talent peuvent obtenir un statut familial d&rsquo;accompagnement. Le conjoint recevra un permis de s\u00e9jour \u00abPasseport Talent &#8211; Famille\u00bb. Il permet \u00e0 la famille de travailler en France tant que le titre de s\u00e9jour de l\u2019investisseur \u00e9tranger est valide.<\/p>\n<p><strong>Textes l\u00e9gaux et r\u00e9glementaires:<\/strong><\/p>\n<ol>\n<li style=\"list-style-type: none;\">\n<ol>\n<li>Code de l\u2019entr\u00e9e et du s\u00e9jour des \u00e9trangers et du droit d\u2019asile: article L313-20, paragraphe 7 (carte de s\u00e9jour pluriannuelle Passeport Talent portant la mention \u00abBusiness investor\u00bb)<\/li>\n<li>Code de l\u2019entr\u00e9e et du s\u00e9jour des \u00e9trangers et du droit d\u2019asile: articles R313-63ff. (Carte de s\u00e9jour pluriannuelle Talent Passport portant la mention \u00abBusiness investor\u00bb &#8211; documents)<\/li>\n<li>Code de l&rsquo;entr\u00e9e et du s\u00e9jour des \u00e9trangers et du droit d&rsquo;asile: articles L311-13 \u00e0 L311-18<\/li>\n<li>Code de l&rsquo;entr\u00e9e et du s\u00e9jour des \u00e9trangers et du droit d&rsquo;asile: articles D311-18-1 \u00e0 D311-18-3 (taxes et droit de timbre)<\/li>\n<li>D\u00e9cret 2016-1462 du 28 octobre 2016 relatif aux taxes pr\u00e9vues aux articles L311-13 et L311-14 du code de l&rsquo;entr\u00e9e et du s\u00e9jour des \u00e9trangers et du droit d&rsquo;asile<\/li>\n<li>M\u00e9morandum du 2 novembre 2016 sur l&rsquo;application des droits des \u00e9trangers en France.<\/li>\n<\/ol>\n<\/li>\n<\/ol>\n<p>[\/vc_column_text][\/vc_tta_section][\/vc_tta_tour][vc_row_inner el_id=\u00a0\u00bbbox_shadow\u00a0\u00bb css=\u00a0\u00bb.vc_custom_1565921267875{margin-right: 0px !important;margin-bottom: 25px !important;margin-left: 0px !important;padding-top: 20px !important;}\u00a0\u00bb][vc_column_inner width=\u00a0\u00bb2\/3&Prime; css=\u00a0\u00bb.vc_custom_1565920961366{padding-left: 20px !important;}\u00a0\u00bb][vc_widget_sidebar sidebar_id=\u00a0\u00bbnitro-sidebar-44&Prime;][\/vc_column_inner][vc_column_inner width=\u00a0\u00bb1\/3&Prime;][vc_widget_sidebar sidebar_id=\u00a0\u00bbnitro-sidebar-45&Prime; el_class=\u00a0\u00bbzoom\u00a0\u00bb][\/vc_column_inner][\/vc_row_inner][vc_row_inner css=\u00a0\u00bb.vc_custom_1565622809612{margin-right: 0px !important;margin-left: 0px !important;padding-top: 20px !important;padding-bottom: 20px !important;}\u00a0\u00bb el_id=\u00a0\u00bbbox_shadow\u00a0\u00bb][vc_column_inner width=\u00a0\u00bb2\/3&Prime; css=\u00a0\u00bb.vc_custom_1565921679535{padding-left: 20px !important;}\u00a0\u00bb][vc_widget_sidebar sidebar_id=\u00a0\u00bbnitro-sidebar-46&Prime;][\/vc_column_inner][vc_column_inner width=\u00a0\u00bb1\/3&Prime;]<div id=\"nitro_custom_css_1051490425\" class=\"sc-button zoom tc\"><a href=\"https:\/\/immigrationeu.fr\/wp-content\/uploads\/2019\/08\/immigration-to-france.pdf\" title=\"\" target=\"_blank\"><span>PDF<\/span><\/a><\/div>[\/vc_column_inner][\/vc_row_inner][\/vc_column][vc_column width=\u00a0\u00bb1\/4&Prime; offset=\u00a0\u00bbvc_hidden-sm vc_hidden-xs\u00a0\u00bb][vc_row_inner][vc_column_inner][vc_widget_sidebar sidebar_id=\u00a0\u00bbnitro-sidebar-3&Prime; el_id=\u00a0\u00bbbox_shadow_padding\u00a0\u00bb][\/vc_column_inner][vc_column_inner][vc_widget_sidebar sidebar_id=\u00a0\u00bbnitro-sidebar-34&Prime; el_id=\u00a0\u00bbbox_shadow_padding\u00a0\u00bb][\/vc_column_inner][\/vc_row_inner][\/vc_column][\/vc_row][vc_row full_width=\u00a0\u00bbstretch_row_content\u00a0\u00bb css=\u00a0\u00bb.vc_custom_1562694247586{background-color: #f8f9fa !important;}\u00a0\u00bb][vc_column width=\u00a0\u00bb3\/4&Prime; offset=\u00a0\u00bbvc_hidden-lg vc_hidden-md\u00a0\u00bb][vc_tta_accordion shape=\u00a0\u00bbsquare\u00a0\u00bb c_icon=\u00a0\u00bb\u00a0\u00bb active_section=\u00a0\u00bb1&Prime; collapsible_all=\u00a0\u00bbtrue\u00a0\u00bb el_id=\u00a0\u00bbbox_shadow_mobile\u00a0\u00bb][vc_tta_section title=\u00a0\u00bbMISSION\u00a0\u00bb tab_id=\u00a0\u00bb1562697137152-8ee6aa4e-7222&Prime;][vc_column_text]<\/p>\n<p style=\"text-align: center;\"><strong>FRANCE: NOTRE MISSION<\/strong><\/p>\n<p>La France a lanc\u00e9 une s\u00e9rie d\u2019initiatives en mati\u00e8re d\u2019immigration intitul\u00e9e \u00ab Visa French Tech \u00bb ou \u00ab Passeport talents \u00bb, est destin\u00e9e \u00e0 attirer des entrepreneurs et des investisseurs qui souhaitent contribuer \u00e0 l\u2019attractivit\u00e9 \u00e9conomique de la France. En \u00e9change, il serait possible pour vous et pour les membres de votre famille d&rsquo;obtenir une autorisation de s\u00e9jour et de travail en France. Vous aurez la possibilit\u00e9 de b\u00e9n\u00e9ficier d\u2019un titre de s\u00e9jour pluriannuel valide jusqu&rsquo;\u00e0 4 ans.<\/p>\n<p>Si vous songez \u00e0 cr\u00e9er ou \u00e0 acheter une nouvelle entreprise ou bien une entreprise existante, notre \u00e9quipe d\u2019avocats et de consultants en immigration, Inimex et <a href=\"https:\/\/www.vip-serveis.com\/\">VIP Serveis<\/a>, vous accompagne tout au long du processus administratif.<\/p>\n<p>Nous vous invitons de prendre une consultation priv\u00e9e avec l&rsquo;un de nos agents d&rsquo;immigration exp\u00e9riment\u00e9s en ligne via : skype \/ WhatsApp \/ Viber \/ Telegram \/ WeChat \/ t\u00e9l\u00e9phone. Notre bureau Inimex France se fera un plaisir de r\u00e9pondre \u00e0 toutes vos questions concernant le processus d\u2019immigration en France par t\u00e9l\u00e9phone, WhatsApp ou Viber + 33-768-152-300, au + 33 621 662 009 ou par Skype (Linimex). Veuillez lire les conditions ci-dessous avant de r\u00e9server votre consultation priv\u00e9e. Nous demandons des frais de consultation standard de 120,00 \u20ac et sont d\u00e9duits de nos honoraires professionnels dans le cas o\u00f9 vous d\u00e9cideriez de proc\u00e9der avec notre offre de services compl\u00e8te.[\/vc_column_text][\/vc_tta_section][vc_tta_section title=\u00a0\u00bbEXIGENCES\u00a0\u00bb tab_id=\u00a0\u00bbexigences\u00a0\u00bb][vc_column_text]<\/p>\n<p style=\"text-align: center;\"><strong>FRANCE: EXIGENCES<\/strong><\/p>\n<p>La French Tech Visa est une proc\u00e9dure d\u00e9di\u00e9e pour l&rsquo;obtention d&rsquo;un titre de s\u00e9jour dans trois cat\u00e9gories: collaborateurs, fondateur et investisseur. Un candidat qui souhait s&rsquo;installer en France en investissant dans une entreprise fran\u00e7aise ou en fondent de start-up internationale s\u00e9lectionn\u00e9 par l&rsquo;incubateur\/acc\u00e9l\u00e9rateur partenaire ou un talent international recrut\u00e9 par une soci\u00e9t\u00e9 b\u00e9n\u00e9ficiaire du programme Pass French Tech peut \u00eatre \u00e9ligible de pr\u00e9senter une demander un titre de s\u00e9jour.<\/p>\n<p><strong>Les principales exigences pour les investisseurs sont:<\/strong><\/p>\n<ol>\n<li style=\"list-style-type: none;\">\n<ol>\n<li style=\"list-style-type: none;\">\n<ol>\n<li>Investir au moins 300 000 \u20ac dans une entreprise sp\u00e9cialis\u00e9e en technologie en France;<\/li>\n<li>Poss\u00e9der au moins 30% du capital autoris\u00e9;<\/li>\n<li>Poss\u00e9der au moins 10% de l&rsquo;entreprise dans laquelle vous investissez;<\/li>\n<li>Cr\u00e9er de nouveaux emplois ou bien pr\u00e9server les emplois dans l&rsquo;entreprise pendant au moins quatre (4) ans.<\/li>\n<\/ol>\n<\/li>\n<\/ol>\n<\/li>\n<\/ol>\n<p><strong>Les principales conditions pour le collaborateur sont:<\/strong><\/p>\n<ol>\n<li style=\"list-style-type: none;\">\n<ol>\n<li style=\"list-style-type: none;\">\n<ol>\n<li>Conditions pour le salari\u00e9 qualifi\u00e9 (collaborateur) :<\/li>\n<li>Le collaborateur doit signer le contrat de travail tech visa avec r\u00e9mun\u00e9ration au moins \u00e9gale a 2x le SMIC (37 000 euros);<\/li>\n<li>\u00catre titulaire d&rsquo;un dipl\u00f4me \u00e9quivalent au niveau Master d\u00e9livre en France ou \u00eatre salari\u00e9 d&rsquo;une entreprise reconnue innovante;<\/li>\n<\/ol>\n<\/li>\n<\/ol>\n<\/li>\n<\/ol>\n<p><strong>Les principales conditions pour le fondateur sont:<\/strong><\/p>\n<ol>\n<li style=\"list-style-type: none;\">\n<ol>\n<li style=\"list-style-type: none;\">\n<ol>\n<li>Avoir un salaire annuel (au moins 18 500 euros) ou des ressources financi\u00e8res;<\/li>\n<li>Justifier d&rsquo;un projet \u00e9conomique innovant, reel et s\u00e9rieux, reconnu par un organisme public;<\/li>\n<li>Avoir une lettre de la DGE certifiant que votre entreprise est bien s\u00e9lectionn\u00e9e comme tech innovant.<\/li>\n<\/ol>\n<\/li>\n<\/ol>\n<\/li>\n<\/ol>\n<p>La premi\u00e8re carte de s\u00e9jour fran\u00e7aise d\u00e9livr\u00e9e au demandeur et aux membres de sa famille (conjoint et enfants \u00e0 charge) est \u00e9mise pour une p\u00e9riode allant jusqu&rsquo;\u00e0 4 ans, avec le droit de travailler en France.[\/vc_column_text][\/vc_tta_section][vc_tta_section title=\u00a0\u00bbDOCUMENTS\u00a0\u00bb tab_id=\u00a0\u00bbdocuments\u00a0\u00bb][vc_column_text]<\/p>\n<p style=\"text-align: center;\"><strong>FRANCE: LISTE DES DOCUMENTS<\/strong><\/p>\n<p>Les documents en langue \u00e9trang\u00e8re doivent \u00eatre traduits par un traducteur asserment\u00e9 aupr\u00e8s d&rsquo;une cour d&rsquo;appel. Le candidat qui souhaite pr\u00e9senter une demande de permis de s\u00e9jour en France en tant qu&rsquo;investisseurs, collaborateur ou fondateur doit fournir les pi\u00e8ces justificatives suivantes :<\/p>\n<ol>\n<li style=\"list-style-type: none;\">\n<ol>\n<li style=\"list-style-type: none;\">\n<ol>\n<li>Passeport ;<\/li>\n<li>Pi\u00e8ce d&rsquo;identit\u00e9 nationale ;<\/li>\n<li>Certificat de naissance ;<\/li>\n<li>Certificat de mariage et\/ou certificat de divorce ;<\/li>\n<li>CV ;<\/li>\n<li>Lettre de motivation ;<\/li>\n<li>Justificatifs de logement en France ;<\/li>\n<li>Couverture d&rsquo;assurance m\u00e9dicale en France ;<\/li>\n<li>Documents confirmant que vous remplissez les conditions pr\u00e9vues par les lois fran\u00e7aises sur l&rsquo;immigration ;<\/li>\n<li>Cassier judiciaire.<\/li>\n<\/ol>\n<\/li>\n<\/ol>\n<\/li>\n<\/ol>\n<p><strong>Pi\u00e8ces \u00e0 fournir pour investisseur:<\/strong><\/p>\n<ol>\n<li style=\"list-style-type: none;\">\n<ol>\n<li style=\"list-style-type: none;\">\n<ol>\n<li>Justificatifs de la direction personnelle d\u2019une entreprise ou de la d\u00e9tention d\u2019au moins 30 % du capital d\u2019une soci\u00e9t\u00e9 qu\u2019il dirige;<\/li>\n<li>Justificatifs de la cr\u00e9ation ou de la sauvegarde, ou engagement \u00e0 cr\u00e9er ou sauvegarder, de l\u2019emploi dans les quatre ann\u00e9es qui suivent l\u2019investissement sur le territoire fran\u00e7ais : lettre d\u2019engagement avec cr\u00e9ation annuelle d\u2019emplois et plan d\u2019investissement de l\u2019\u00e9tranger (plan d\u2019affaire);<\/li>\n<li>Justificatifs de la r\u00e9alisation ou engagement \u00e0 effectuer sur le territoire fran\u00e7ais un investissement direct en immobilisations corporelles ou incorporelles d&rsquo;au moins 300 000 euros;<\/li>\n<li>Pour un investissement r\u00e9alis\u00e9 en fonds propres : un certificat de d\u00e9p\u00f4t de fonds propres sur un compte personnel ou professionnel dans un \u00e9tablissement de cr\u00e9dit de l\u2019Union europ\u00e9enne;<\/li>\n<li>Pour un investissement en fonds emprunt\u00e9s : un accord de principe de pr\u00eat \u00e9manant d\u2019un \u00e9tablissement de cr\u00e9dit de l\u2019Union europ\u00e9enne ou d\u2019un \u00e9tablissement \u00e9tranger dont les pratiques sont compatibles avec les dispositions du code mon\u00e9taire et financier;<\/li>\n<li>En cas d\u2019investissement d\u00e9j\u00e0 r\u00e9alis\u00e9 : Tout document de nature \u00e0 attester l\u2019effectivit\u00e9 de l\u2019investissement r\u00e9alis\u00e9, notamment une attestation de versement des fonds investis sur le compte de l\u2019entreprise \u00e0 hauteur de 300 000\u20ac minimum.<\/li>\n<\/ol>\n<\/li>\n<\/ol>\n<\/li>\n<\/ol>\n<p><strong>Pi\u00e8ces \u00e0 fournir pour fondateur:<\/strong><\/p>\n<ol>\n<li style=\"list-style-type: none;\">\n<ol>\n<li style=\"list-style-type: none;\">\n<ol>\n<li>Document visant \u00e0 \u00e9tablir en raison notamment de sa nature, son objet et sa dur\u00e9e, le caract\u00e8re innovant de son projet \u00e9conomique en France;<\/li>\n<li>Document de nature \u00e0 \u00e9tablir la reconnaissance de son projet par un organisme public;<\/li>\n<li>Justification de moyens d\u2019existence correspondant au salaire minimum de croissance correspondant \u00e0 un temps plein.<\/li>\n<\/ol>\n<\/li>\n<\/ol>\n<\/li>\n<\/ol>\n<p><strong>Pi\u00e8ces \u00e0 fournir pour le collaborateur:<\/strong><\/p>\n<div>\n<div>\n<ol>\n<li style=\"list-style-type: none;\">\n<ol>\n<li style=\"list-style-type: none;\">\n<ol>\n<li>Dipl\u00f4me au moins \u00e9quivalent au master\u00a0d\u00e9livr\u00e9 par un \u00e9tablissement fran\u00e7ais;<\/li>\n<li>Justificatif du statut d\u2019entreprise innovante;<\/li>\n<li>Attestation de l\u2019administration fiscale du statut de \u00ab JEI \u00bb (article 44 sexies 0A du code g\u00e9n\u00e9ral des imp\u00f4ts);<\/li>\n<li>Attestation du ministre charg\u00e9 de l\u2019\u00e9conomie reconnaissant le caract\u00e8re innovant de l\u2019entreprise.<\/li>\n<\/ol>\n<\/li>\n<\/ol>\n<\/li>\n<\/ol>\n<\/div>\n<\/div>\n<p>[\/vc_column_text][\/vc_tta_section][vc_tta_section title=\u00a0\u00bbPROCESSUS\u00a0\u00bb tab_id=\u00a0\u00bbprocessus\u00a0\u00bb][vc_column_text]<\/p>\n<p style=\"text-align: center;\"><strong>FRANCE: PROCESSUS<\/strong><\/p>\n<ol>\n<li style=\"list-style-type: none;\">\n<ol>\n<li style=\"list-style-type: none;\">\n<ol>\n<li>Nous proposons de commencer par prendre une consultation priv\u00e9e pour avoir plus d&rsquo;informations quant au processus d&rsquo;immigration en France ;<\/li>\n<li>Nos collaborateurs vous guident et vous assistent dans l&rsquo;\u00e9laboration de votre projet, d&rsquo;un plan d&rsquo;affaires et d&rsquo;un plan financier ;<\/li>\n<li>Nous allons pr\u00e9senter une demande aupr\u00e8s de la pr\u00e9fecture de la ville de votre lieu d&rsquo;affaires pour obtenir des justificatifs confirmant que l&rsquo;entreprise r\u00e9pond \u00e0 divers b\u00e9n\u00e9fices et int\u00e9r\u00eats \u00e9conomiques en France ;<\/li>\n<li>Vous pourrez pr\u00e9senter une demande de visa d&rsquo;immigration en France aupr\u00e8s des autorit\u00e9s consulaires fran\u00e7aises de votre lieu de r\u00e9sidence ;<\/li>\n<li>Une fois que le visa fran\u00e7ais est d\u00e9livr\u00e9, vous pouvez voyager en France et \u00eatre soumis \u00e0 un entretien aupr\u00e8s des autorit\u00e9s d&rsquo;immigration fran\u00e7aise comp\u00e9tentes ;<\/li>\n<li>Le titre de s\u00e9jour vous est d\u00e9livr\u00e9 qui peut \u00eatre valide jusqu&rsquo;\u00e0 4 ans.<\/li>\n<\/ol>\n<\/li>\n<\/ol>\n<\/li>\n<\/ol>\n<p>[\/vc_column_text][\/vc_tta_section][vc_tta_section title=\u00a0\u00bbNOTES\u00a0\u00bb tab_id=\u00a0\u00bbnotes\u00a0\u00bb][vc_column_text]<\/p>\n<p style=\"text-align: center;\"><strong>FRANCE: INFORMATIONS SUPPL\u00c9MENTAIRES<\/strong><\/p>\n<p><strong>Membres de la famille du demandeur :<\/strong><\/p>\n<p>L&rsquo;\u00e9poux(se) et les enfants \u00e0 charge du titulaire d&rsquo;un Passeport Talent peuvent obtenir un statut familial d&rsquo;accompagnement. Le conjoint recevra un permis de s\u00e9jour \u00abPasseport Talent &#8211; Famille\u00bb. Il permet \u00e0 la famille de travailler en France tant que le titre de s\u00e9jour de l\u2019investisseur \u00e9tranger est valide.<\/p>\n<p><strong>Textes l\u00e9gaux et r\u00e9glementaires:<\/strong><\/p>\n<ol>\n<li style=\"list-style-type: none;\">\n<ol>\n<li style=\"list-style-type: none;\">\n<ol>\n<li>Code de l\u2019entr\u00e9e et du s\u00e9jour des \u00e9trangers et du droit d\u2019asile: article L313-20, paragraphe 7 (carte de s\u00e9jour pluriannuelle Passeport Talent portant la mention \u00abBusiness investor\u00bb)<\/li>\n<li>Code de l\u2019entr\u00e9e et du s\u00e9jour des \u00e9trangers et du droit d\u2019asile: articles R313-63ff. (Carte de s\u00e9jour pluriannuelle Talent Passport portant la mention \u00abBusiness investor\u00bb &#8211; documents)<\/li>\n<li>Code de l&rsquo;entr\u00e9e et du s\u00e9jour des \u00e9trangers et du droit d&rsquo;asile: articles L311-13 \u00e0 L311-18<\/li>\n<li>Code de l&rsquo;entr\u00e9e et du s\u00e9jour des \u00e9trangers et du droit d&rsquo;asile: articles D311-18-1 \u00e0 D311-18-3 (taxes et droit de timbre)<\/li>\n<li>D\u00e9cret 2016-1462 du 28 octobre 2016 relatif aux taxes pr\u00e9vues aux articles L311-13 et L311-14 du code de l&rsquo;entr\u00e9e et du s\u00e9jour des \u00e9trangers et du droit d&rsquo;asile<\/li>\n<li>M\u00e9morandum du 2 novembre 2016 sur l&rsquo;application des droits des \u00e9trangers en France.<\/li>\n<\/ol>\n<\/li>\n<\/ol>\n<\/li>\n<\/ol>\n<p>[\/vc_column_text][\/vc_tta_section][\/vc_tta_accordion][vc_row_inner css=\u00a0\u00bb.vc_custom_1565921238901{margin-right: 0px !important;margin-bottom: 25px !important;padding-top: 20px !important;padding-bottom: 20px !important;}\u00a0\u00bb el_id=\u00a0\u00bbbox_shadow_mobile\u00a0\u00bb][vc_column_inner width=\u00a0\u00bb2\/3&Prime; css=\u00a0\u00bb.vc_custom_1565921914633{padding-left: 20px !important;}\u00a0\u00bb][vc_widget_sidebar sidebar_id=\u00a0\u00bbnitro-sidebar-44&Prime;][\/vc_column_inner][vc_column_inner width=\u00a0\u00bb1\/3&Prime;][vc_widget_sidebar sidebar_id=\u00a0\u00bbnitro-sidebar-45&Prime; el_class=\u00a0\u00bbzoom\u00a0\u00bb][\/vc_column_inner][\/vc_row_inner][vc_row_inner css=\u00a0\u00bb.vc_custom_1565623182091{margin-right: 0px !important;padding-top: 20px !important;padding-bottom: 20px !important;}\u00a0\u00bb el_id=\u00a0\u00bbbox_shadow_mobile\u00a0\u00bb][vc_column_inner width=\u00a0\u00bb2\/3&Prime; css=\u00a0\u00bb.vc_custom_1565921922735{padding-left: 20px !important;}\u00a0\u00bb][vc_widget_sidebar sidebar_id=\u00a0\u00bbnitro-sidebar-46&Prime;][\/vc_column_inner][vc_column_inner width=\u00a0\u00bb1\/3&Prime;]<div id=\"nitro_custom_css_513474382\" class=\"sc-button zoom tc\"><a href=\"https:\/\/immigrationeu.fr\/wp-content\/uploads\/2019\/08\/immigration-to-france.pdf\" title=\"\" target=\"_blank\"><span>PDF<\/span><\/a><\/div>[\/vc_column_inner][\/vc_row_inner][\/vc_column][vc_column width=\u00a0\u00bb1\/4&Prime; offset=\u00a0\u00bbvc_hidden-lg vc_hidden-md\u00a0\u00bb][vc_row_inner][vc_column_inner][vc_widget_sidebar sidebar_id=\u00a0\u00bbnitro-sidebar-3&Prime; el_id=\u00a0\u00bbbox_shadow_padding_mobile\u00a0\u00bb][\/vc_column_inner][vc_column_inner][vc_widget_sidebar sidebar_id=\u00a0\u00bbnitro-sidebar-34&Prime; el_id=\u00a0\u00bbbox_shadow_padding_mobile\u00a0\u00bb][\/vc_column_inner][\/vc_row_inner][\/vc_column][\/vc_row][vc_row full_width=\u00a0\u00bbstretch_row\u00a0\u00bb background_position=\u00a0\u00bbright top\u00a0\u00bb css=\u00a0\u00bb.vc_custom_1602114698511{padding-top: 40px !important;padding-bottom: 20px !important;background-color: #14274e !important;background-position: center !important;background-repeat: no-repeat !important;background-size: cover !important;}\u00a0\u00bb][vc_column width=\u00a0\u00bb1\/4&Prime; css=\u00a0\u00bb.vc_custom_1562383084786{margin-bottom: 30px !important;}\u00a0\u00bb][vc_widget_sidebar sidebar_id=\u00a0\u00bbnitro-sidebar-51&Prime;][\/vc_column][vc_column width=\u00a0\u00bb1\/3&Prime; css=\u00a0\u00bb.vc_custom_1562383090392{margin-bottom: 30px !important;}\u00a0\u00bb][vc_widget_sidebar sidebar_id=\u00a0\u00bbnitro-sidebar-52&Prime;][\/vc_column][vc_column width=\u00a0\u00bb1\/3&Prime; css=\u00a0\u00bb.vc_custom_1562383096710{margin-bottom: 30px !important;}\u00a0\u00bb][vc_widget_sidebar sidebar_id=\u00a0\u00bbnitro-sidebar-53&Prime;][\/vc_column][\/vc_row][vc_row full_width=\u00a0\u00bbstretch_row\u00a0\u00bb content_placement=\u00a0\u00bbmiddle\u00a0\u00bb css=\u00a0\u00bb.vc_custom_1606925812237{background-color: #f8f9fa !important;}\u00a0\u00bb][vc_column width=\u00a0\u00bb1\/2&Prime;][vc_column_text css=\u00a0\u00bb.vc_custom_1606926041350{margin-top: 0px !important;margin-bottom: 0px !important;}\u00a0\u00bb]\n<div class=\"wpml-ls-statics-footer wpml-ls wpml-ls-legacy-list-horizontal\">\n\t<ul><li class=\"wpml-ls-slot-footer wpml-ls-item wpml-ls-item-fr wpml-ls-current-language wpml-ls-item-legacy-list-horizontal\">\n\t\t\t\t<a href=\"https:\/\/immigrationeu.fr\/fr\/\" class=\"wpml-ls-link\">\n                                                        <img\n            class=\"wpml-ls-flag\"\n            src=\"https:\/\/immigrationeu.fr\/wp-content\/plugins\/sitepress-multilingual-cms\/res\/flags\/fr.png\"\n            alt=\"\"\n            width=18\n            height=12\n    \/><span class=\"wpml-ls-native\">Fran\u00e7ais<\/span><\/a>\n\t\t\t<\/li><li class=\"wpml-ls-slot-footer wpml-ls-item wpml-ls-item-en wpml-ls-first-item wpml-ls-item-legacy-list-horizontal\">\n\t\t\t\t<a href=\"https:\/\/immigrationeu.fr\" class=\"wpml-ls-link\">\n                                                        <img\n            class=\"wpml-ls-flag\"\n            src=\"https:\/\/immigrationeu.fr\/wp-content\/plugins\/sitepress-multilingual-cms\/res\/flags\/en.png\"\n            alt=\"\"\n            width=18\n            height=12\n    \/><span class=\"wpml-ls-native\" lang=\"en\">English<\/span><\/a>\n\t\t\t<\/li><li class=\"wpml-ls-slot-footer wpml-ls-item wpml-ls-item-ru wpml-ls-item-legacy-list-horizontal\">\n\t\t\t\t<a href=\"https:\/\/immigrationeu.fr\/ru\/\" class=\"wpml-ls-link\">\n                                                        <img\n            class=\"wpml-ls-flag\"\n            src=\"https:\/\/immigrationeu.fr\/wp-content\/plugins\/sitepress-multilingual-cms\/res\/flags\/ru.png\"\n            alt=\"\"\n            width=18\n            height=12\n    \/><span class=\"wpml-ls-native\" lang=\"ru\">\u0420\u0443\u0441\u0441\u043a\u0438\u0439<\/span><\/a>\n\t\t\t<\/li><li class=\"wpml-ls-slot-footer wpml-ls-item wpml-ls-item-es wpml-ls-item-legacy-list-horizontal\">\n\t\t\t\t<a href=\"https:\/\/immigrationeu.fr\/es\/\" class=\"wpml-ls-link\">\n                                                        <img\n            class=\"wpml-ls-flag\"\n            src=\"https:\/\/immigrationeu.fr\/wp-content\/plugins\/sitepress-multilingual-cms\/res\/flags\/es.png\"\n            alt=\"\"\n            width=18\n            height=12\n    \/><span class=\"wpml-ls-native\" lang=\"es\">Espa\u00f1ol<\/span><\/a>\n\t\t\t<\/li><li class=\"wpml-ls-slot-footer wpml-ls-item wpml-ls-item-cn wpml-ls-last-item wpml-ls-item-legacy-list-horizontal\">\n\t\t\t\t<a href=\"https:\/\/immigrationeu.fr\/cn\/\" class=\"wpml-ls-link\">\n                                                        <img\n            class=\"wpml-ls-flag\"\n            src=\"https:\/\/immigrationeu.fr\/wp-content\/uploads\/flags\/cn.png\"\n            alt=\"\"\n            width=18\n            height=12\n    \/><span class=\"wpml-ls-native\" lang=\"cn\">Chinese <\/span><\/a>\n\t\t\t<\/li><\/ul>\n<\/div>\n[\/vc_column_text][\/vc_column][vc_column width=\u00a0\u00bb1\/2&Prime;][vc_widget_sidebar sidebar_id=\u00a0\u00bbnitro-sidebar-54&Prime;][\/vc_column][\/vc_row]<\/p>\n","protected":false},"excerpt":{"rendered":"<p>[vc_row full_width=\u00a0\u00bbstretch_row\u00a0\u00bb content_placement=\u00a0\u00bbtop\u00a0\u00bb background_position=\u00a0\u00bbcenter center\u00a0\u00bb css=\u00a0\u00bb.vc_custom_1561307096783{padding-top: 80px !important;padding-bottom: 80px !important;background-image: url(https:\/\/immigrationeu.fr\/wp-content\/uploads\/2019\/06\/celvin-purnama-65810-unsplash-1.jpg?id=34) !important;background-position: center !important;background-repeat: no-repeat !important;background-size: cover !important;}\u00a0\u00bb][vc_column width=\u00a0\u00bb1\/6&Prime;][\/vc_column][vc_column width=\u00a0\u00bb2\/3&Prime; css=\u00a0\u00bb.vc_custom_1561305594558{background-color: rgba(20,39,78,0.51) !important;*background-color: rgb(104,0,0) !important;}\u00a0\u00bb][vc_custom_heading text=\u00a0\u00bbFRANCE: COMP\u00c9TENCES ET TALENTS\u00a0\u00bb font_container=\u00a0\u00bbtag:h1|font_size:30px|text_align:center|color:%23ffffff|line_height:32px\u00a0\u00bb use_theme_fonts=\u00a0\u00bbyes\u00a0\u00bb css=\u00a0\u00bb.vc_custom_1621998354590{margin-bottom: 0px !important;}\u00a0\u00bb][vc_custom_heading text=\u00a0\u00bb\u00a0\u00bb font_container=\u00a0\u00bbtag:h2|font_size:20px|text_align:center|color:%23ffffff|line_height:20px\u00a0\u00bb use_theme_fonts=\u00a0\u00bbyes\u00a0\u00bb css=\u00a0\u00bb.vc_custom_1621998343262{margin-bottom: 30px !important;}\u00a0\u00bb][\/vc_column][vc_column width=\u00a0\u00bb1\/6&Prime;][\/vc_column][\/vc_row][vc_row full_width=\u00a0\u00bbstretch_row_content\u00a0\u00bb css=\u00a0\u00bb.vc_custom_1562694247586{background-color: #f8f9fa !important;}\u00a0\u00bb][vc_column width=\u00a0\u00bb3\/4&Prime; offset=\u00a0\u00bbvc_hidden-sm vc_hidden-xs\u00a0\u00bb][vc_tta_tour shape=\u00a0\u00bbsquare\u00a0\u00bb spacing=\u00a0\u00bb\u00a0\u00bb active_section=\u00a0\u00bb1&Prime; el_id=\u00a0\u00bbbox_shadow\u00a0\u00bb][vc_tta_section title=\u00a0\u00bbMISSION\u00a0\u00bb tab_id=\u00a0\u00bb1561305738645-98d425ea-d949&Prime;][vc_column_text] FRANCE: [&hellip;]<\/p>\n","protected":false},"author":1,"featured_media":0,"parent":0,"menu_order":0,"comment_status":"closed","ping_status":"closed","template":"","meta":[],"yoast_head":"<!-- This site is optimized with the Yoast SEO plugin v16.1.1 - https:\/\/yoast.com\/wordpress\/plugins\/seo\/ -->\n<title>FRANCE: COMP\u00c9TENCES ET TALENTS | + 33 768 152 300<\/title>\n<meta name=\"description\" content=\"FRANCE: COMP\u00c9TENCES ET TALENTS | IMMIGRATION | VISA | R\u00c9SIDENCE | CITOYENNET\u00c9 | SERVICES INIMEX |+ 33 768 152 300 ou + 33 621 662 009\" \/>\n<link rel=\"canonical\" href=\"https:\/\/immigrationeu.fr\/fr\/france-competences-et-talents\/\" \/>\n<meta property=\"og:locale\" content=\"fr_FR\" \/>\n<meta property=\"og:type\" content=\"article\" \/>\n<meta property=\"og:title\" content=\"FRANCE: COMP\u00c9TENCES ET TALENTS | + 33 768 152 300\" \/>\n<meta property=\"og:description\" content=\"FRANCE: COMP\u00c9TENCES ET TALENTS | IMMIGRATION | VISA | R\u00c9SIDENCE | CITOYENNET\u00c9 | SERVICES INIMEX |+ 33 768 152 300 ou + 33 621 662 009\" \/>\n<meta property=\"og:url\" content=\"https:\/\/immigrationeu.fr\/fr\/france-competences-et-talents\/\" \/>\n<meta property=\"og:site_name\" content=\"Immigration EU\" \/>\n<meta property=\"article:modified_time\" content=\"2023-08-17T09:21:33+00:00\" \/>\n<meta name=\"twitter:card\" content=\"summary_large_image\" \/>\n<meta name=\"twitter:label1\" content=\"Dur\u00e9e de lecture est.\">\n\t<meta name=\"twitter:data1\" content=\"12 minutes\">\n<script type=\"application\/ld+json\" class=\"yoast-schema-graph\">{\"@context\":\"https:\/\/schema.org\",\"@graph\":[{\"@type\":\"WebSite\",\"@id\":\"https:\/\/immigrationeu.fr\/#website\",\"url\":\"https:\/\/immigrationeu.fr\/\",\"name\":\"Immigration EU\",\"description\":\"\",\"potentialAction\":[{\"@type\":\"SearchAction\",\"target\":\"https:\/\/immigrationeu.fr\/?s={search_term_string}\",\"query-input\":\"required name=search_term_string\"}],\"inLanguage\":\"fr-FR\"},{\"@type\":\"WebPage\",\"@id\":\"https:\/\/immigrationeu.fr\/fr\/france-competences-et-talents\/#webpage\",\"url\":\"https:\/\/immigrationeu.fr\/fr\/france-competences-et-talents\/\",\"name\":\"FRANCE: COMP\\u00c9TENCES ET TALENTS | + 33 768 152 300\",\"isPartOf\":{\"@id\":\"https:\/\/immigrationeu.fr\/#website\"},\"datePublished\":\"2019-07-23T22:51:26+00:00\",\"dateModified\":\"2023-08-17T09:21:33+00:00\",\"description\":\"FRANCE: COMP\\u00c9TENCES ET TALENTS | IMMIGRATION | VISA | R\\u00c9SIDENCE | CITOYENNET\\u00c9 | SERVICES INIMEX |+ 33 768 152 300 ou + 33 621 662 009\",\"breadcrumb\":{\"@id\":\"https:\/\/immigrationeu.fr\/fr\/france-competences-et-talents\/#breadcrumb\"},\"inLanguage\":\"fr-FR\",\"potentialAction\":[{\"@type\":\"ReadAction\",\"target\":[\"https:\/\/immigrationeu.fr\/fr\/france-competences-et-talents\/\"]}]},{\"@type\":\"BreadcrumbList\",\"@id\":\"https:\/\/immigrationeu.fr\/fr\/france-competences-et-talents\/#breadcrumb\",\"itemListElement\":[{\"@type\":\"ListItem\",\"position\":1,\"item\":{\"@type\":\"WebPage\",\"@id\":\"https:\/\/immigrationeu.fr\/fr\/\",\"url\":\"https:\/\/immigrationeu.fr\/fr\/\",\"name\":\"Home\"}},{\"@type\":\"ListItem\",\"position\":2,\"item\":{\"@type\":\"WebPage\",\"@id\":\"https:\/\/immigrationeu.fr\/fr\/france-competences-et-talents\/\",\"url\":\"https:\/\/immigrationeu.fr\/fr\/france-competences-et-talents\/\",\"name\":\"France: Comp\\u00e9tences et talents\"}}]}]}<\/script>\n<!-- \/ Yoast SEO plugin. -->","_links":{"self":[{"href":"https:\/\/immigrationeu.fr\/fr\/wp-json\/wp\/v2\/pages\/1468"}],"collection":[{"href":"https:\/\/immigrationeu.fr\/fr\/wp-json\/wp\/v2\/pages"}],"about":[{"href":"https:\/\/immigrationeu.fr\/fr\/wp-json\/wp\/v2\/types\/page"}],"author":[{"embeddable":true,"href":"https:\/\/immigrationeu.fr\/fr\/wp-json\/wp\/v2\/users\/1"}],"replies":[{"embeddable":true,"href":"https:\/\/immigrationeu.fr\/fr\/wp-json\/wp\/v2\/comments?post=1468"}],"version-history":[{"count":20,"href":"https:\/\/immigrationeu.fr\/fr\/wp-json\/wp\/v2\/pages\/1468\/revisions"}],"predecessor-version":[{"id":4446,"href":"https:\/\/immigrationeu.fr\/fr\/wp-json\/wp\/v2\/pages\/1468\/revisions\/4446"}],"wp:attachment":[{"href":"https:\/\/immigrationeu.fr\/fr\/wp-json\/wp\/v2\/media?parent=1468"}],"curies":[{"name":"wp","href":"https:\/\/api.w.org\/{rel}","templated":true}]}}