{"id":1515,"date":"2019-07-24T00:45:05","date_gmt":"2019-07-24T00:45:05","guid":{"rendered":"https:\/\/immigrationeu.fr\/?page_id=1515"},"modified":"2023-08-17T13:58:46","modified_gmt":"2023-08-17T13:58:46","slug":"france-visa-etudiant","status":"publish","type":"page","link":"https:\/\/immigrationeu.fr\/fr\/france-visa-etudiant\/","title":{"rendered":"France: Visa \u00e9tudiant"},"content":{"rendered":"<p>[vc_row full_width=\u00a0\u00bbstretch_row\u00a0\u00bb content_placement=\u00a0\u00bbtop\u00a0\u00bb background_position=\u00a0\u00bbcenter center\u00a0\u00bb css=\u00a0\u00bb.vc_custom_1561307096783{padding-top: 80px !important;padding-bottom: 80px !important;background-image: url(https:\/\/immigrationeu.fr\/wp-content\/uploads\/2019\/06\/celvin-purnama-65810-unsplash-1.jpg?id=34) !important;background-position: center !important;background-repeat: no-repeat !important;background-size: cover !important;}\u00a0\u00bb][vc_column width=\u00a0\u00bb1\/6&Prime;][\/vc_column][vc_column width=\u00a0\u00bb2\/3&Prime; css=\u00a0\u00bb.vc_custom_1561305594558{background-color: rgba(20,39,78,0.51) !important;*background-color: rgb(104,0,0) !important;}\u00a0\u00bb][vc_custom_heading text=\u00a0\u00bbFRANCE: VISA \u00c9TUDIANT\u00a0\u00bb font_container=\u00a0\u00bbtag:h1|font_size:30px|text_align:center|color:%23ffffff|line_height:32px\u00a0\u00bb use_theme_fonts=\u00a0\u00bbyes\u00a0\u00bb css=\u00a0\u00bb.vc_custom_1621998788101{margin-bottom: 0px !important;}\u00a0\u00bb][vc_custom_heading text=\u00a0\u00bb\u00a0\u00bb font_container=\u00a0\u00bbtag:h2|font_size:20px|text_align:center|color:%23ffffff|line_height:20px\u00a0\u00bb use_theme_fonts=\u00a0\u00bbyes\u00a0\u00bb css=\u00a0\u00bb.vc_custom_1621998773406{margin-bottom: 30px !important;}\u00a0\u00bb][\/vc_column][vc_column width=\u00a0\u00bb1\/6&Prime;][\/vc_column][\/vc_row][vc_row full_width=\u00a0\u00bbstretch_row_content\u00a0\u00bb css=\u00a0\u00bb.vc_custom_1562694247586{background-color: #f8f9fa !important;}\u00a0\u00bb][vc_column width=\u00a0\u00bb3\/4&Prime; offset=\u00a0\u00bbvc_hidden-sm vc_hidden-xs\u00a0\u00bb][vc_tta_tour shape=\u00a0\u00bbsquare\u00a0\u00bb spacing=\u00a0\u00bb\u00a0\u00bb active_section=\u00a0\u00bb1&Prime; el_id=\u00a0\u00bbbox_shadow\u00a0\u00bb][vc_tta_section title=\u00a0\u00bbMISSION\u00a0\u00bb tab_id=\u00a0\u00bb1561305738645-98d425ea-d949&Prime;][vc_column_text]<\/p>\n<p style=\"text-align: center;\"><strong>FRANCE: NOTRE MISSION<\/strong><\/p>\n<p>La France poss\u00e8de un syst\u00e8me d\u2019\u00e9ducation le plus respect\u00e9 au monde, notamment des universit\u00e9s et des \u00e9coles priv\u00e9es r\u00e9put\u00e9s et reconnues. France accueille chaque ann\u00e9e des milliers d\u2019\u00e9tudiants internationaux, attir\u00e9s par la qualit\u00e9 de l\u2019enseignement et par le cadre de vie qu\u2019offrent les villes fran\u00e7ais. \u00c9tudier en France est un atout. Un grand nombre d\u2019universit\u00e9s fran\u00e7aises sont parmi les meilleures au monde.<\/p>\n<p>Le droit fran\u00e7ais sur l\u2019immigration est bien connu pour sa complexit\u00e9. Par cons\u00e9quent, le bon conseil est de bien se pr\u00e9parer afin de garantir le succ\u00e8s de votre application. Le visa long s\u00e9jour valant un titre de s\u00e9jour mention \u00ab \u00e9tudiant \u00bb vous permet de suivre des \u00e9tudes en France pour une p\u00e9riode de quatre mois \u00e0 un an. Apr\u00e8s 1 an, vous pouvez demander une carte de s\u00e9jour temporaire <span class=\"expression\"><em>\u00e9tudiant<\/em><\/span>\u00a0valable 1 an.<\/p>\n<p>Notre \u00e9quipe d\u2019experts en immigration peut vous donner des conseils applicables \u00e0 votre situation particuli\u00e8re. Nous vous guiderons sur les documents n\u00e9cessaires et vous aidons \u00e0 pr\u00e9parer votre demande afin qu\u2019elle r\u00e9ponde \u00e0 tous les crit\u00e8res d\u2019\u00e9ligibilit\u00e9 pour satisfaire pleinement aux exigences.<\/p>\n<p>Le bureau d\u2019Inimex et <a href=\"https:\/\/www.vip-serveis.com\/\">VIP Serveis<\/a> en France se fera un plaisir de r\u00e9pondre \u00e0 toutes vos questions concernant le visa \u00e9tudiant fran\u00e7ais par t\u00e9l\u00e9phone, WhatsApp ou Viber au + 33-768-152-300 ou au + 33 621 662 009 ou par Skype (Linimex).[\/vc_column_text][\/vc_tta_section][vc_tta_section title=\u00a0\u00bbEXIGENCES\u00a0\u00bb tab_id=\u00a0\u00bbexigences\u00a0\u00bb][vc_column_text]<\/p>\n<p style=\"text-align: center;\"><strong>FRANCE: EXIGENCES<\/strong><\/p>\n<p>Si vous envisagez d\u2019\u00e9tudier en France, vous devrez obtenir un visa fran\u00e7ais. Diff\u00e9rentes cat\u00e9gories de visas permettent de couvrir l\u2019ensemble des demandes des \u00e9tudiants \u00e9trangers d\u00e9sirant se rendre en France. Les services culturels des ambassades ainsi que les Centres pour les \u00c9tudes en France (CEF) sont charg\u00e9s de contr\u00f4ler le projet acad\u00e9mique de l\u2019\u00e9tudiant \u00e9tranger. Les services consulaires sont charg\u00e9s du traitement de la demande de visa selon la r\u00e9glementation en vigueur. Les \u00e9tudiants \u00e9trangers titulaires d\u2019un dipl\u00f4me \u00e9tranger de fin d\u2019\u00e9tudes secondaires qui souhaitent s\u2019inscrire dans un premier cycle universitaire fran\u00e7ais doivent imp\u00e9rativement effectuer une demande d\u2019admission pr\u00e9alable (DAP). Elle s\u2019effectue aupr\u00e8s des services de coop\u00e9ration et d\u2019action culturelle des ambassades de France \u00e0 l\u2019\u00e9tranger ou des Espaces Campus France. Les \u00e9tudiants qui souhaitent s\u2019inscrire dans un cycle sup\u00e9rieur doivent s\u2019adresser directement \u00e0 l\u2019universit\u00e9 concern\u00e9e.<\/p>\n<p>Le demandeur doit avoir\u00a0:<\/p>\n<ol>\n<li style=\"list-style-type: none;\">\n<ol>\n<li>Une lettre d\u2019admission et d\u2019inscription dans une universit\u00e9 fran\u00e7aise, un \u00e9tablissement acad\u00e9mique sup\u00e9rieur ou une \u00e9cole de formation professionnelle<\/li>\n<li>Disposer d\u2019une somme suffisante pour couvrir les frais de scolarit\u00e9, les soins de sant\u00e9 et le co\u00fbt de la vie<\/li>\n<\/ol>\n<\/li>\n<\/ol>\n<p>Pour un stage ne d\u00e9passant pas trois mois, vous recevrez un visa de court s\u00e9jour, c\u2019est-\u00e0-dire un visa \u00ab\u00e9tudiant \/ \u00e9tudiant-concours\u00bb vous autorisant pour une dur\u00e9e maximale de 90 jours sur une p\u00e9riode de 180 jours. Si vous r\u00e9ussissez l\u2019examen d\u2019entr\u00e9e, ce visa vous permettra de vous transformer en \u00e9tudiant de longue dur\u00e9e sans avoir \u00e0 retourner dans votre pays d\u2019origine pour faire une demande de visa de long s\u00e9jour.<\/p>\n<p>Dans votre dossier de demande de visa \u00ab\u00e9tudiant-concours\u00bb, vous devez inclure votre invitation \u00e0 l\u2019examen d\u2019entr\u00e9e et la preuve de la gravit\u00e9 de vos \u00e9tudes.<\/p>\n<p>Pour un stage de formation d\u2019une dur\u00e9e comprise entre trois et six mois, un visa de long s\u00e9jour temporaire vous sera d\u00e9livr\u00e9. Aucune autre action ne vous sera demand\u00e9e \u00e0 votre arriv\u00e9e en France. Pour une formation ou un stage de plus de six mois, vous recevrez un visa de long s\u00e9jour, \u00e9quivalent \u00e0 un permis de s\u00e9jour, qui sera soumis \u00e0 de nouvelles formalit\u00e9s \u00e0 votre arriv\u00e9e en France.<\/p>\n<p><strong>Pour un \u00e9tudiant en m\u00e9decine<\/strong><\/p>\n<p>Si vous souhaitez venir en France en tant que stagiaire en m\u00e9decine au cours de vos \u00e9tudes, vous devez \u00eatre s\u00e9lectionn\u00e9 pour suivre une formation afin d\u2019obtenir un dipl\u00f4me en formation m\u00e9dicale sp\u00e9cialis\u00e9e (DFMS) d\u2019une dur\u00e9e de un \u00e0 trois ans. Ou vous devez avoir un dipl\u00f4me sup\u00e9rieur en formation m\u00e9dicale sp\u00e9cialis\u00e9e (DFMSA) pour une dur\u00e9e de six mois \u00e0 un an. Le processus de s\u00e9lection est organis\u00e9 par les services culturels de l\u2019ambassade de France au cours du premier trimestre de l\u2019ann\u00e9e. Certains pays peuvent disposer de certaines installations pouvant \u00e9galement fournir une s\u00e9lection. Veuillez consulter les \u00abdispositions particuli\u00e8res\u00bb de votre pays.[\/vc_column_text][\/vc_tta_section][vc_tta_section title=\u00a0\u00bbDOCUMENTS\u00a0\u00bb tab_id=\u00a0\u00bbdocuments\u00a0\u00bb][vc_column_text]<\/p>\n<p style=\"text-align: center;\"><strong>FRANCE: LISTE DES DOCUMENTS<\/strong><\/p>\n<p>Tous les documents devront \u00eatre traduits e fran\u00e7ais et l\u00e9galis\u00e9s. Certains devront \u00eatre apostill\u00e9s.<\/p>\n<p>Les documents suivants sont g\u00e9n\u00e9ralement demand\u00e9s pour pr\u00e9senter une demande de visa \u00e9tudiant en France :<\/p>\n<ol>\n<li style=\"list-style-type: none;\">\n<ol>\n<li>Lettre d&rsquo;acceptation ou d&rsquo;admission d&rsquo;une institution acad\u00e9mique fran\u00e7aise, ou ;<\/li>\n<li>Lettre de confirmation de l&rsquo;institution de votre pays et de la France attestant que vous faites partie d&rsquo;un programme d&rsquo;\u00e9change \u00e9tudiant, ou ;<\/li>\n<li>Lettre d&rsquo;une universit\u00e9 \/ laboratoire \/ organisation indiquant que vous \u00eates accept\u00e9 dans un stage de courte dur\u00e9e, et ;<\/li>\n<li>Dipl\u00f4me(s)\/documents scolaires ;<\/li>\n<li>Attestation de test de langue si n\u00e9cessaire ;<\/li>\n<li>Lettre de motivation expliquant le projet d&rsquo;\u00e9tude et votre motivation ;<\/li>\n<li>Curriculum vitae ;<\/li>\n<li>Preuve de ressources suffisantes (documents bancaires justifiant des fonds disponibles \u00e9quivalents \u00e0 727 euros\/mois x 12 mois) ;<\/li>\n<li>Justificatif de couverture m\u00e9dicale valable en France pour la dur\u00e9e du s\u00e9jour ;<\/li>\n<li>Preuve d&rsquo;h\u00e9bergement en France.<\/li>\n<\/ol>\n<\/li>\n<\/ol>\n<p>Pour les \u00e9tudiants en m\u00e9decine :<br \/>\nLors de votre demande, en plus de fournir les pi\u00e8ces justificatives li\u00e9es \u00e0 votre situation personnelle, vous devez \u00e9galement joindre les documents suivants :<\/p>\n<ol>\n<li style=\"list-style-type: none;\">\n<ol>\n<li>Dipl\u00f4me en m\u00e9decine \/ pharmacie vous permettant de pratiquer une formation m\u00e9dicale sp\u00e9cialis\u00e9e ;<\/li>\n<li>Dipl\u00f4me sp\u00e9cialis\u00e9 en m\u00e9decine \/ pharmacie vous permettant d&rsquo;obtenir un dipl\u00f4me avanc\u00e9 en formation m\u00e9dicale sp\u00e9cialis\u00e9e.<\/li>\n<\/ol>\n<\/li>\n<\/ol>\n<p>[\/vc_column_text][\/vc_tta_section][vc_tta_section title=\u00a0\u00bbPROCESSUS\u00a0\u00bb tab_id=\u00a0\u00bbprocessus\u00a0\u00bb][vc_column_text]<\/p>\n<p style=\"text-align: center;\"><strong>FRANCE: PROCESSUS<\/strong><\/p>\n<p>Vous pouvez \u00eatre amen\u00e9 \u00e0 vous inscrire aupr\u00e8s de Campus France et de l&rsquo;Agence nationale fran\u00e7aise de l&rsquo;enseignement sup\u00e9rieur et des \u00e9tudiants internationaux pour obtenir un visa \u00e9tudiant. Dans le cas contraire, vous devez postuler \u00e0 un cours directement aupr\u00e8s de l&rsquo;universit\u00e9 et obtenir un visa \u00e9tudiant aupr\u00e8s de votre ambassade ou consulat fran\u00e7ais local.<\/p>\n<ol>\n<li style=\"list-style-type: none;\">\n<ol>\n<li>Notre \u00e9quipe vous propose une consultation priv\u00e9e li\u00e9e \u00e0 l&rsquo;\u00e9ducation, la m\u00e9decine, l&rsquo;administration et toute autre question pertinente li\u00e9e au visa d&rsquo;\u00e9tudiant fran\u00e7ais ;<\/li>\n<li>Nous vous assistons dans la pr\u00e9paration de la documentation n\u00e9cessaire pour la demande ;<\/li>\n<li>Nos traducteurs traduisent vos documents en fran\u00e7ais ;<\/li>\n<li>Vous pr\u00e9sentez votre dossier de demande de visa aupr\u00e8s du Consulat de France de votre lieu de r\u00e9sidence ;<\/li>\n<li>Suite \u00e0 la d\u00e9livrance du visa \u00e9tudiant, vous pouvez voyager en France dans un d\u00e9lai maximal de deux mois et confirmer votre arriv\u00e9e aupr\u00e8s de l&rsquo;l\u2019OFII de votre lieu de r\u00e9sidence en France ;<\/li>\n<li>Pr\u00e8s de deux (2) mois avant l&rsquo;expiration de votre permis \u00e9tudiant, il est n\u00e9cessaire de faire une demande de renouvellement aupr\u00e8s de la pr\u00e9fecture de votre r\u00e9sidence.<\/li>\n<\/ol>\n<\/li>\n<\/ol>\n<p>[\/vc_column_text][\/vc_tta_section][vc_tta_section title=\u00a0\u00bbNOTES\u00a0\u00bb tab_id=\u00a0\u00bbnotes\u00a0\u00bb][vc_column_text]<\/p>\n<p style=\"text-align: center;\"><strong>FRANCE: INFORMATIONS ADDITIONNELLES\u00a0<\/strong><\/p>\n<p><strong>Membres de la famille :<\/strong><\/p>\n<p>L&rsquo;\u00e9poux(se) et les enfants \u00e0 charge d&rsquo;un \u00e9tudiant \u00e9tranger en France peuvent \u00eatre \u00e9ligibles \u00e0 pr\u00e9senter une demander de permis de s\u00e9jour en France pendant la dur\u00e9e des \u00e9tudes.<\/p>\n<p><strong>Travailler en tant qu&rsquo;\u00e9tudiant \u00e9tranger :<\/strong><\/p>\n<p>Il est possible de travailler en France pendant les \u00e9tudes. Toutefois, cela ne doit pas d\u00e9passer 964 heures par an. De plus, l&#8217;employeur doit d\u00e9poser une d\u00e9claration d&#8217;emploi aupr\u00e8s de la pr\u00e9fecture, au moins deux (2) jours avant le d\u00e9but de votre contrat de travail.<\/p>\n<p><strong>Lois et r\u00e8glements :<\/strong><\/p>\n<p>Voici les lois et les r\u00e8glements qui r\u00e9gissent le processus de visa \u00e9tudiant. Si vous avez besoin de plus d&rsquo;informations, veuillez vous r\u00e9f\u00e9rer \u00e0 ces documents :<\/p>\n<ol>\n<li style=\"list-style-type: none;\">\n<ol>\n<li>Code de l\u2019entr\u00e9e et du s\u00e9jour des \u00e9trangers et du droit d\u2019asile: article L313-7<br \/>\nCarte de s\u00e9jour temporaire \u00e9tudiant<\/li>\n<li>Code de l\u2019entr\u00e9e et du s\u00e9jour des \u00e9trangers et du droit d\u2019asile: articles R313-7 \u00e0 R313-10<br \/>\nCarte de s\u00e9jour temporaire \u00e9tudiant<\/li>\n<li>Code de l\u2019entr\u00e9e et du s\u00e9jour des \u00e9trangers et du droit d\u2019asile: articles L313-17 \u00e0 L313-19<br \/>\nCarte de s\u00e9jour pluriannuelle \u00e9tudiant<\/li>\n<li>Code de l\u2019entr\u00e9e et du s\u00e9jour des \u00e9trangers et du droit d\u2019asile: articles R313-36 \u00e0 R313-38<br \/>\nRenouvellement des cartes de s\u00e9jour temporaire: article R313-36<\/li>\n<li>Code de l\u2019entr\u00e9e et du s\u00e9jour des \u00e9trangers et du droit d\u2019asile: articles R311-10 \u00e0 R311-13<br \/>\nRefus implicite en cas de silence gard\u00e9 pendant plus de 4 mois sur une demande de titre de s\u00e9jour (article R311-12)<\/li>\n<li>Code de l\u2019entr\u00e9e et du s\u00e9jour des \u00e9trangers et du droit d\u2019asile: articles D311-18-1 \u00e0 D311-18-3<\/li>\n<\/ol>\n<\/li>\n<\/ol>\n<p>[\/vc_column_text][\/vc_tta_section][\/vc_tta_tour][vc_row_inner el_id=\u00a0\u00bbbox_shadow\u00a0\u00bb css=\u00a0\u00bb.vc_custom_1565921267875{margin-right: 0px !important;margin-bottom: 25px !important;margin-left: 0px !important;padding-top: 20px !important;}\u00a0\u00bb][vc_column_inner width=\u00a0\u00bb2\/3&Prime; css=\u00a0\u00bb.vc_custom_1565920961366{padding-left: 20px !important;}\u00a0\u00bb][vc_widget_sidebar sidebar_id=\u00a0\u00bbnitro-sidebar-44&Prime;][\/vc_column_inner][vc_column_inner width=\u00a0\u00bb1\/3&Prime;][vc_widget_sidebar sidebar_id=\u00a0\u00bbnitro-sidebar-45&Prime; el_class=\u00a0\u00bbzoom\u00a0\u00bb][\/vc_column_inner][\/vc_row_inner][vc_row_inner css=\u00a0\u00bb.vc_custom_1565622809612{margin-right: 0px !important;margin-left: 0px !important;padding-top: 20px !important;padding-bottom: 20px !important;}\u00a0\u00bb el_id=\u00a0\u00bbbox_shadow\u00a0\u00bb][vc_column_inner width=\u00a0\u00bb2\/3&Prime; css=\u00a0\u00bb.vc_custom_1565921679535{padding-left: 20px !important;}\u00a0\u00bb][vc_widget_sidebar sidebar_id=\u00a0\u00bbnitro-sidebar-46&Prime;][\/vc_column_inner][vc_column_inner width=\u00a0\u00bb1\/3&Prime;]<div id=\"nitro_custom_css_1618321422\" class=\"sc-button zoom tc\"><a href=\"https:\/\/immigrationeu.fr\/wp-content\/uploads\/2019\/08\/immigration-to-france.pdf\" title=\"\" target=\"_blank\"><span>PDF<\/span><\/a><\/div>[\/vc_column_inner][\/vc_row_inner][\/vc_column][vc_column width=\u00a0\u00bb1\/4&Prime; offset=\u00a0\u00bbvc_hidden-sm vc_hidden-xs\u00a0\u00bb][vc_row_inner][vc_column_inner][vc_widget_sidebar sidebar_id=\u00a0\u00bbnitro-sidebar-3&Prime; el_id=\u00a0\u00bbbox_shadow_padding\u00a0\u00bb][\/vc_column_inner][vc_column_inner][vc_widget_sidebar sidebar_id=\u00a0\u00bbnitro-sidebar-34&Prime; el_id=\u00a0\u00bbbox_shadow_padding\u00a0\u00bb][\/vc_column_inner][\/vc_row_inner][\/vc_column][\/vc_row][vc_row full_width=\u00a0\u00bbstretch_row_content\u00a0\u00bb css=\u00a0\u00bb.vc_custom_1562694247586{background-color: #f8f9fa !important;}\u00a0\u00bb][vc_column width=\u00a0\u00bb3\/4&Prime; offset=\u00a0\u00bbvc_hidden-lg vc_hidden-md\u00a0\u00bb][vc_tta_accordion shape=\u00a0\u00bbsquare\u00a0\u00bb c_icon=\u00a0\u00bb\u00a0\u00bb active_section=\u00a0\u00bb1&Prime; collapsible_all=\u00a0\u00bbtrue\u00a0\u00bb el_id=\u00a0\u00bbbox_shadow_mobile\u00a0\u00bb][vc_tta_section title=\u00a0\u00bbMISSION\u00a0\u00bb tab_id=\u00a0\u00bb1562697137152-8ee6aa4e-7222&Prime;][vc_column_text]<\/p>\n<p style=\"text-align: center;\"><strong>FRANCE: NOTRE MISSION<\/strong><\/p>\n<p>La France poss\u00e8de un syst\u00e8me d\u2019\u00e9ducation le plus respect\u00e9 au monde, notamment des universit\u00e9s et des \u00e9coles priv\u00e9es r\u00e9put\u00e9s et reconnues. France accueille chaque ann\u00e9e des milliers d\u2019\u00e9tudiants internationaux, attir\u00e9s par la qualit\u00e9 de l\u2019enseignement et par le cadre de vie qu\u2019offrent les villes fran\u00e7ais. \u00c9tudier en France est un atout. Un grand nombre d\u2019universit\u00e9s fran\u00e7aises sont parmi les meilleures au monde.<\/p>\n<p>Le droit fran\u00e7ais sur l\u2019immigration est bien connu pour sa complexit\u00e9. Par cons\u00e9quent, le bon conseil est de bien se pr\u00e9parer afin de garantir le succ\u00e8s de votre application. Le visa long s\u00e9jour valant un titre de s\u00e9jour mention \u00ab \u00e9tudiant \u00bb vous permet de suivre des \u00e9tudes en France pour une p\u00e9riode de quatre mois \u00e0 un an. Apr\u00e8s 1 an, vous pouvez demander une carte de s\u00e9jour temporaire <span class=\"expression\"><em>\u00e9tudiant<\/em><\/span>\u00a0valable 1 an.<\/p>\n<p>Notre \u00e9quipe d\u2019experts en immigration peut vous donner des conseils applicables \u00e0 votre situation particuli\u00e8re. Nous vous guiderons sur les documents n\u00e9cessaires et vous aidons \u00e0 pr\u00e9parer votre demande afin qu\u2019elle r\u00e9ponde \u00e0 tous les crit\u00e8res d\u2019\u00e9ligibilit\u00e9 pour satisfaire pleinement aux exigences.<\/p>\n<p>Le bureau d\u2019Inimex et <a href=\"https:\/\/www.vip-serveis.com\/\">VIP Serveis<\/a> en France se fera un plaisir de r\u00e9pondre \u00e0 toutes vos questions concernant le visa \u00e9tudiant fran\u00e7ais par t\u00e9l\u00e9phone, WhatsApp ou Viber au + 33-768-152-300 ou au + 33 621 662 009 ou par Skype (Linimex).[\/vc_column_text][\/vc_tta_section][vc_tta_section title=\u00a0\u00bbEXIGENCES\u00a0\u00bb tab_id=\u00a0\u00bbexigences\u00a0\u00bb][vc_column_text]<\/p>\n<p style=\"text-align: center;\"><strong>FRANCE: EXIGENCES<\/strong><\/p>\n<p>Si vous envisagez d\u2019\u00e9tudier en France, vous devrez obtenir un visa fran\u00e7ais. Diff\u00e9rentes cat\u00e9gories de visas permettent de couvrir l\u2019ensemble des demandes des \u00e9tudiants \u00e9trangers d\u00e9sirant se rendre en France. Les services culturels des ambassades ainsi que les Centres pour les \u00c9tudes en France (CEF) sont charg\u00e9s de contr\u00f4ler le projet acad\u00e9mique de l\u2019\u00e9tudiant \u00e9tranger. Les services consulaires sont charg\u00e9s du traitement de la demande de visa selon la r\u00e9glementation en vigueur. Les \u00e9tudiants \u00e9trangers titulaires d\u2019un dipl\u00f4me \u00e9tranger de fin d\u2019\u00e9tudes secondaires qui souhaitent s\u2019inscrire dans un premier cycle universitaire fran\u00e7ais doivent imp\u00e9rativement effectuer une demande d\u2019admission pr\u00e9alable (DAP). Elle s\u2019effectue aupr\u00e8s des services de coop\u00e9ration et d\u2019action culturelle des ambassades de France \u00e0 l\u2019\u00e9tranger ou des Espaces Campus France. Les \u00e9tudiants qui souhaitent s\u2019inscrire dans un cycle sup\u00e9rieur doivent s\u2019adresser directement \u00e0 l\u2019universit\u00e9 concern\u00e9e.<\/p>\n<p>Le demandeur doit avoir\u00a0:<\/p>\n<ol>\n<li style=\"list-style-type: none;\">\n<ol>\n<li style=\"list-style-type: none;\">\n<ol>\n<li>Une lettre d\u2019admission et d\u2019inscription dans une universit\u00e9 fran\u00e7aise, un \u00e9tablissement acad\u00e9mique sup\u00e9rieur ou une \u00e9cole de formation professionnelle<\/li>\n<li>Disposer d\u2019une somme suffisante pour couvrir les frais de scolarit\u00e9, les soins de sant\u00e9 et le co\u00fbt de la vie<\/li>\n<\/ol>\n<\/li>\n<\/ol>\n<\/li>\n<\/ol>\n<p>Pour un stage ne d\u00e9passant pas trois mois, vous recevrez un visa de court s\u00e9jour, c\u2019est-\u00e0-dire un visa \u00ab\u00e9tudiant \/ \u00e9tudiant-concours\u00bb vous autorisant pour une dur\u00e9e maximale de 90 jours sur une p\u00e9riode de 180 jours. Si vous r\u00e9ussissez l\u2019examen d\u2019entr\u00e9e, ce visa vous permettra de vous transformer en \u00e9tudiant de longue dur\u00e9e sans avoir \u00e0 retourner dans votre pays d\u2019origine pour faire une demande de visa de long s\u00e9jour.<\/p>\n<p>Dans votre dossier de demande de visa \u00ab\u00e9tudiant-concours\u00bb, vous devez inclure votre invitation \u00e0 l\u2019examen d\u2019entr\u00e9e et la preuve de la gravit\u00e9 de vos \u00e9tudes.<\/p>\n<p>Pour un stage de formation d\u2019une dur\u00e9e comprise entre trois et six mois, un visa de long s\u00e9jour temporaire vous sera d\u00e9livr\u00e9. Aucune autre action ne vous sera demand\u00e9e \u00e0 votre arriv\u00e9e en France. Pour une formation ou un stage de plus de six mois, vous recevrez un visa de long s\u00e9jour, \u00e9quivalent \u00e0 un permis de s\u00e9jour, qui sera soumis \u00e0 de nouvelles formalit\u00e9s \u00e0 votre arriv\u00e9e en France.<\/p>\n<p><strong>Pour un \u00e9tudiant en m\u00e9decine<\/strong><\/p>\n<p>Si vous souhaitez venir en France en tant que stagiaire en m\u00e9decine au cours de vos \u00e9tudes, vous devez \u00eatre s\u00e9lectionn\u00e9 pour suivre une formation afin d\u2019obtenir un dipl\u00f4me en formation m\u00e9dicale sp\u00e9cialis\u00e9e (DFMS) d\u2019une dur\u00e9e de un \u00e0 trois ans. Ou vous devez avoir un dipl\u00f4me sup\u00e9rieur en formation m\u00e9dicale sp\u00e9cialis\u00e9e (DFMSA) pour une dur\u00e9e de six mois \u00e0 un an. Le processus de s\u00e9lection est organis\u00e9 par les services culturels de l\u2019ambassade de France au cours du premier trimestre de l\u2019ann\u00e9e. Certains pays peuvent disposer de certaines installations pouvant \u00e9galement fournir une s\u00e9lection. Veuillez consulter les \u00abdispositions particuli\u00e8res\u00bb de votre pays.[\/vc_column_text][\/vc_tta_section][vc_tta_section title=\u00a0\u00bbDOCUMENTS\u00a0\u00bb tab_id=\u00a0\u00bbdocuments\u00a0\u00bb][vc_column_text]<\/p>\n<p style=\"text-align: center;\"><strong>FRANCE: LISTE DES DOCUMENTS<\/strong><\/p>\n<p>Tous les documents devront \u00eatre traduits e fran\u00e7ais et l\u00e9galis\u00e9s. Certains devront \u00eatre apostill\u00e9s.<\/p>\n<p>Les documents suivants sont g\u00e9n\u00e9ralement demand\u00e9s pour pr\u00e9senter une demande de visa \u00e9tudiant en France :<\/p>\n<ol>\n<li style=\"list-style-type: none;\">\n<ol>\n<li style=\"list-style-type: none;\">\n<ol>\n<li>Lettre d&rsquo;acceptation ou d&rsquo;admission d&rsquo;une institution acad\u00e9mique fran\u00e7aise, ou ;<\/li>\n<li>Lettre de confirmation de l&rsquo;institution de votre pays et de la France attestant que vous faites partie d&rsquo;un programme d&rsquo;\u00e9change \u00e9tudiant, ou ;<\/li>\n<li>Lettre d&rsquo;une universit\u00e9 \/ laboratoire \/ organisation indiquant que vous \u00eates accept\u00e9 dans un stage de courte dur\u00e9e, et ;<\/li>\n<li>Dipl\u00f4me(s)\/documents scolaires ;<\/li>\n<li>Attestation de test de langue si n\u00e9cessaire ;<\/li>\n<li>Lettre de motivation expliquant le projet d&rsquo;\u00e9tude et votre motivation ;<\/li>\n<li>Curriculum vitae ;<\/li>\n<li>Preuve de ressources suffisantes (documents bancaires justifiant des fonds disponibles \u00e9quivalents \u00e0 727 euros\/mois x 12 mois) ;<\/li>\n<li>Justificatif de couverture m\u00e9dicale valable en France pour la dur\u00e9e du s\u00e9jour ;<\/li>\n<li>Preuve d&rsquo;h\u00e9bergement en France.<\/li>\n<\/ol>\n<\/li>\n<\/ol>\n<\/li>\n<\/ol>\n<p>Pour les \u00e9tudiants en m\u00e9decine :<br \/>\nLors de votre demande, en plus de fournir les pi\u00e8ces justificatives li\u00e9es \u00e0 votre situation personnelle, vous devez \u00e9galement joindre les documents suivants :<\/p>\n<ol>\n<li style=\"list-style-type: none;\">\n<ol>\n<li style=\"list-style-type: none;\">\n<ol>\n<li>Dipl\u00f4me en m\u00e9decine \/ pharmacie vous permettant de pratiquer une formation m\u00e9dicale sp\u00e9cialis\u00e9e ;<\/li>\n<li>Dipl\u00f4me sp\u00e9cialis\u00e9 en m\u00e9decine \/ pharmacie vous permettant d&rsquo;obtenir un dipl\u00f4me avanc\u00e9 en formation m\u00e9dicale sp\u00e9cialis\u00e9e.<\/li>\n<\/ol>\n<\/li>\n<\/ol>\n<\/li>\n<\/ol>\n<p>[\/vc_column_text][\/vc_tta_section][vc_tta_section title=\u00a0\u00bbPROCESSUS\u00a0\u00bb tab_id=\u00a0\u00bbprocessus\u00a0\u00bb][vc_column_text]<\/p>\n<p style=\"text-align: center;\"><strong>FRANCE: PROCESSUS<\/strong><\/p>\n<p>Vous pouvez \u00eatre amen\u00e9 \u00e0 vous inscrire aupr\u00e8s de Campus France et de l&rsquo;Agence nationale fran\u00e7aise de l&rsquo;enseignement sup\u00e9rieur et des \u00e9tudiants internationaux pour obtenir un visa \u00e9tudiant. Dans le cas contraire, vous devez postuler \u00e0 un cours directement aupr\u00e8s de l&rsquo;universit\u00e9 et obtenir un visa \u00e9tudiant aupr\u00e8s de votre ambassade ou consulat fran\u00e7ais local.<\/p>\n<ol>\n<li style=\"list-style-type: none;\">\n<ol>\n<li style=\"list-style-type: none;\">\n<ol>\n<li>Notre \u00e9quipe vous propose une consultation priv\u00e9e li\u00e9e \u00e0 l&rsquo;\u00e9ducation, la m\u00e9decine, l&rsquo;administration et toute autre question pertinente li\u00e9e au visa d&rsquo;\u00e9tudiant fran\u00e7ais ;<\/li>\n<li>Nous vous assistons dans la pr\u00e9paration de la documentation n\u00e9cessaire pour la demande ;<\/li>\n<li>Nos traducteurs traduisent vos documents en fran\u00e7ais ;<\/li>\n<li>Vous pr\u00e9sentez votre dossier de demande de visa aupr\u00e8s du Consulat de France de votre lieu de r\u00e9sidence ;<\/li>\n<li>Suite \u00e0 la d\u00e9livrance du visa \u00e9tudiant, vous pouvez voyager en France dans un d\u00e9lai maximal de deux mois et confirmer votre arriv\u00e9e aupr\u00e8s de l&rsquo;l\u2019OFII de votre lieu de r\u00e9sidence en France ;<\/li>\n<li>Pr\u00e8s de deux (2) mois avant l&rsquo;expiration de votre permis \u00e9tudiant, il est n\u00e9cessaire de faire une demande de renouvellement aupr\u00e8s de la pr\u00e9fecture de votre r\u00e9sidence.<\/li>\n<\/ol>\n<\/li>\n<\/ol>\n<\/li>\n<\/ol>\n<p>[\/vc_column_text][\/vc_tta_section][vc_tta_section title=\u00a0\u00bbNOTES\u00a0\u00bb tab_id=\u00a0\u00bbnotes\u00a0\u00bb][vc_column_text]<\/p>\n<p style=\"text-align: center;\"><strong>FRANCE: INFORMATIONS ADDITIONNELLES\u00a0<\/strong><\/p>\n<p><strong>Membres de la famille :<\/strong><\/p>\n<p>L&rsquo;\u00e9poux(se) et les enfants \u00e0 charge d&rsquo;un \u00e9tudiant \u00e9tranger en France peuvent \u00eatre \u00e9ligibles \u00e0 pr\u00e9senter une demander de permis de s\u00e9jour en France pendant la dur\u00e9e des \u00e9tudes.<\/p>\n<p><strong>Travailler en tant qu&rsquo;\u00e9tudiant \u00e9tranger :<\/strong><\/p>\n<p>Il est possible de travailler en France pendant les \u00e9tudes. Toutefois, cela ne doit pas d\u00e9passer 964 heures par an. De plus, l&#8217;employeur doit d\u00e9poser une d\u00e9claration d&#8217;emploi aupr\u00e8s de la pr\u00e9fecture, au moins deux (2) jours avant le d\u00e9but de votre contrat de travail.<\/p>\n<p><strong>Lois et r\u00e8glements :<\/strong><\/p>\n<p>Voici les lois et les r\u00e8glements qui r\u00e9gissent le processus de visa \u00e9tudiant. Si vous avez besoin de plus d&rsquo;informations, veuillez vous r\u00e9f\u00e9rer \u00e0 ces documents :<\/p>\n<ol>\n<li style=\"list-style-type: none;\">\n<ol>\n<li style=\"list-style-type: none;\">\n<ol>\n<li>Code de l\u2019entr\u00e9e et du s\u00e9jour des \u00e9trangers et du droit d\u2019asile: article L313-7<br \/>\nCarte de s\u00e9jour temporaire \u00e9tudiant<\/li>\n<li>Code de l\u2019entr\u00e9e et du s\u00e9jour des \u00e9trangers et du droit d\u2019asile: articles R313-7 \u00e0 R313-10<br \/>\nCarte de s\u00e9jour temporaire \u00e9tudiant<\/li>\n<li>Code de l\u2019entr\u00e9e et du s\u00e9jour des \u00e9trangers et du droit d\u2019asile: articles L313-17 \u00e0 L313-19<br \/>\nCarte de s\u00e9jour pluriannuelle \u00e9tudiant<\/li>\n<li>Code de l\u2019entr\u00e9e et du s\u00e9jour des \u00e9trangers et du droit d\u2019asile: articles R313-36 \u00e0 R313-38<br \/>\nRenouvellement des cartes de s\u00e9jour temporaire: article R313-36<\/li>\n<li>Code de l\u2019entr\u00e9e et du s\u00e9jour des \u00e9trangers et du droit d\u2019asile: articles R311-10 \u00e0 R311-13<br \/>\nRefus implicite en cas de silence gard\u00e9 pendant plus de 4 mois sur une demande de titre de s\u00e9jour (article R311-12)<\/li>\n<li>Code de l\u2019entr\u00e9e et du s\u00e9jour des \u00e9trangers et du droit d\u2019asile: articles D311-18-1 \u00e0 D311-18-3<\/li>\n<\/ol>\n<\/li>\n<\/ol>\n<\/li>\n<\/ol>\n<p>[\/vc_column_text][\/vc_tta_section][\/vc_tta_accordion][vc_row_inner css=\u00a0\u00bb.vc_custom_1565921238901{margin-right: 0px !important;margin-bottom: 25px !important;padding-top: 20px !important;padding-bottom: 20px !important;}\u00a0\u00bb el_id=\u00a0\u00bbbox_shadow_mobile\u00a0\u00bb][vc_column_inner width=\u00a0\u00bb2\/3&Prime; css=\u00a0\u00bb.vc_custom_1565921914633{padding-left: 20px !important;}\u00a0\u00bb][vc_widget_sidebar sidebar_id=\u00a0\u00bbnitro-sidebar-44&Prime;][\/vc_column_inner][vc_column_inner width=\u00a0\u00bb1\/3&Prime;][vc_widget_sidebar sidebar_id=\u00a0\u00bbnitro-sidebar-45&Prime; el_class=\u00a0\u00bbzoom\u00a0\u00bb][\/vc_column_inner][\/vc_row_inner][vc_row_inner css=\u00a0\u00bb.vc_custom_1565623182091{margin-right: 0px !important;padding-top: 20px !important;padding-bottom: 20px !important;}\u00a0\u00bb el_id=\u00a0\u00bbbox_shadow_mobile\u00a0\u00bb][vc_column_inner width=\u00a0\u00bb2\/3&Prime; css=\u00a0\u00bb.vc_custom_1565921922735{padding-left: 20px !important;}\u00a0\u00bb][vc_widget_sidebar sidebar_id=\u00a0\u00bbnitro-sidebar-46&Prime;][\/vc_column_inner][vc_column_inner width=\u00a0\u00bb1\/3&Prime;]<div id=\"nitro_custom_css_2079563209\" class=\"sc-button zoom tc\"><a href=\"https:\/\/immigrationeu.fr\/wp-content\/uploads\/2019\/08\/immigration-to-france.pdf\" title=\"\" target=\"_blank\"><span>PDF<\/span><\/a><\/div>[\/vc_column_inner][\/vc_row_inner][\/vc_column][vc_column width=\u00a0\u00bb1\/4&Prime; offset=\u00a0\u00bbvc_hidden-lg vc_hidden-md\u00a0\u00bb][vc_row_inner][vc_column_inner][vc_widget_sidebar sidebar_id=\u00a0\u00bbnitro-sidebar-3&Prime; el_id=\u00a0\u00bbbox_shadow_padding_mobile\u00a0\u00bb][\/vc_column_inner][vc_column_inner][vc_widget_sidebar sidebar_id=\u00a0\u00bbnitro-sidebar-34&Prime; el_id=\u00a0\u00bbbox_shadow_padding_mobile\u00a0\u00bb][\/vc_column_inner][\/vc_row_inner][\/vc_column][\/vc_row][vc_row full_width=\u00a0\u00bbstretch_row\u00a0\u00bb background_position=\u00a0\u00bbright top\u00a0\u00bb css=\u00a0\u00bb.vc_custom_1602114698511{padding-top: 40px !important;padding-bottom: 20px !important;background-color: #14274e !important;background-position: center !important;background-repeat: no-repeat !important;background-size: cover !important;}\u00a0\u00bb][vc_column width=\u00a0\u00bb1\/4&Prime; css=\u00a0\u00bb.vc_custom_1562383084786{margin-bottom: 30px !important;}\u00a0\u00bb][vc_widget_sidebar sidebar_id=\u00a0\u00bbnitro-sidebar-51&Prime;][\/vc_column][vc_column width=\u00a0\u00bb1\/3&Prime; css=\u00a0\u00bb.vc_custom_1562383090392{margin-bottom: 30px !important;}\u00a0\u00bb][vc_widget_sidebar sidebar_id=\u00a0\u00bbnitro-sidebar-52&Prime;][\/vc_column][vc_column width=\u00a0\u00bb1\/3&Prime; css=\u00a0\u00bb.vc_custom_1562383096710{margin-bottom: 30px !important;}\u00a0\u00bb][vc_widget_sidebar sidebar_id=\u00a0\u00bbnitro-sidebar-53&Prime;][\/vc_column][\/vc_row][vc_row full_width=\u00a0\u00bbstretch_row\u00a0\u00bb content_placement=\u00a0\u00bbmiddle\u00a0\u00bb css=\u00a0\u00bb.vc_custom_1606925812237{background-color: #f8f9fa !important;}\u00a0\u00bb][vc_column width=\u00a0\u00bb1\/2&Prime;][vc_column_text css=\u00a0\u00bb.vc_custom_1606926041350{margin-top: 0px !important;margin-bottom: 0px !important;}\u00a0\u00bb]\n<div class=\"wpml-ls-statics-footer wpml-ls wpml-ls-legacy-list-horizontal\">\n\t<ul><li class=\"wpml-ls-slot-footer wpml-ls-item wpml-ls-item-fr wpml-ls-current-language wpml-ls-item-legacy-list-horizontal\">\n\t\t\t\t<a href=\"https:\/\/immigrationeu.fr\/fr\/\" class=\"wpml-ls-link\">\n                                                        <img\n            class=\"wpml-ls-flag\"\n            src=\"https:\/\/immigrationeu.fr\/wp-content\/plugins\/sitepress-multilingual-cms\/res\/flags\/fr.png\"\n            alt=\"\"\n            width=18\n            height=12\n    \/><span class=\"wpml-ls-native\">Fran\u00e7ais<\/span><\/a>\n\t\t\t<\/li><li class=\"wpml-ls-slot-footer wpml-ls-item wpml-ls-item-en wpml-ls-first-item wpml-ls-item-legacy-list-horizontal\">\n\t\t\t\t<a href=\"https:\/\/immigrationeu.fr\" class=\"wpml-ls-link\">\n                                                        <img\n            class=\"wpml-ls-flag\"\n            src=\"https:\/\/immigrationeu.fr\/wp-content\/plugins\/sitepress-multilingual-cms\/res\/flags\/en.png\"\n            alt=\"\"\n            width=18\n            height=12\n    \/><span class=\"wpml-ls-native\" lang=\"en\">English<\/span><\/a>\n\t\t\t<\/li><li class=\"wpml-ls-slot-footer wpml-ls-item wpml-ls-item-ru wpml-ls-item-legacy-list-horizontal\">\n\t\t\t\t<a href=\"https:\/\/immigrationeu.fr\/ru\/\" class=\"wpml-ls-link\">\n                                                        <img\n            class=\"wpml-ls-flag\"\n            src=\"https:\/\/immigrationeu.fr\/wp-content\/plugins\/sitepress-multilingual-cms\/res\/flags\/ru.png\"\n            alt=\"\"\n            width=18\n            height=12\n    \/><span class=\"wpml-ls-native\" lang=\"ru\">\u0420\u0443\u0441\u0441\u043a\u0438\u0439<\/span><\/a>\n\t\t\t<\/li><li class=\"wpml-ls-slot-footer wpml-ls-item wpml-ls-item-es wpml-ls-item-legacy-list-horizontal\">\n\t\t\t\t<a href=\"https:\/\/immigrationeu.fr\/es\/\" class=\"wpml-ls-link\">\n                                                        <img\n            class=\"wpml-ls-flag\"\n            src=\"https:\/\/immigrationeu.fr\/wp-content\/plugins\/sitepress-multilingual-cms\/res\/flags\/es.png\"\n            alt=\"\"\n            width=18\n            height=12\n    \/><span class=\"wpml-ls-native\" lang=\"es\">Espa\u00f1ol<\/span><\/a>\n\t\t\t<\/li><li class=\"wpml-ls-slot-footer wpml-ls-item wpml-ls-item-cn wpml-ls-last-item wpml-ls-item-legacy-list-horizontal\">\n\t\t\t\t<a href=\"https:\/\/immigrationeu.fr\/cn\/\" class=\"wpml-ls-link\">\n                                                        <img\n            class=\"wpml-ls-flag\"\n            src=\"https:\/\/immigrationeu.fr\/wp-content\/uploads\/flags\/cn.png\"\n            alt=\"\"\n            width=18\n            height=12\n    \/><span class=\"wpml-ls-native\" lang=\"cn\">Chinese <\/span><\/a>\n\t\t\t<\/li><\/ul>\n<\/div>\n[\/vc_column_text][\/vc_column][vc_column width=\u00a0\u00bb1\/2&Prime;][vc_widget_sidebar sidebar_id=\u00a0\u00bbnitro-sidebar-54&Prime;][\/vc_column][\/vc_row]<\/p>\n","protected":false},"excerpt":{"rendered":"<p>[vc_row full_width=\u00a0\u00bbstretch_row\u00a0\u00bb content_placement=\u00a0\u00bbtop\u00a0\u00bb background_position=\u00a0\u00bbcenter center\u00a0\u00bb css=\u00a0\u00bb.vc_custom_1561307096783{padding-top: 80px !important;padding-bottom: 80px !important;background-image: url(https:\/\/immigrationeu.fr\/wp-content\/uploads\/2019\/06\/celvin-purnama-65810-unsplash-1.jpg?id=34) !important;background-position: center !important;background-repeat: no-repeat !important;background-size: cover !important;}\u00a0\u00bb][vc_column width=\u00a0\u00bb1\/6&Prime;][\/vc_column][vc_column width=\u00a0\u00bb2\/3&Prime; css=\u00a0\u00bb.vc_custom_1561305594558{background-color: rgba(20,39,78,0.51) !important;*background-color: rgb(104,0,0) !important;}\u00a0\u00bb][vc_custom_heading text=\u00a0\u00bbFRANCE: VISA \u00c9TUDIANT\u00a0\u00bb font_container=\u00a0\u00bbtag:h1|font_size:30px|text_align:center|color:%23ffffff|line_height:32px\u00a0\u00bb use_theme_fonts=\u00a0\u00bbyes\u00a0\u00bb css=\u00a0\u00bb.vc_custom_1621998788101{margin-bottom: 0px !important;}\u00a0\u00bb][vc_custom_heading text=\u00a0\u00bb\u00a0\u00bb font_container=\u00a0\u00bbtag:h2|font_size:20px|text_align:center|color:%23ffffff|line_height:20px\u00a0\u00bb use_theme_fonts=\u00a0\u00bbyes\u00a0\u00bb css=\u00a0\u00bb.vc_custom_1621998773406{margin-bottom: 30px !important;}\u00a0\u00bb][\/vc_column][vc_column width=\u00a0\u00bb1\/6&Prime;][\/vc_column][\/vc_row][vc_row full_width=\u00a0\u00bbstretch_row_content\u00a0\u00bb css=\u00a0\u00bb.vc_custom_1562694247586{background-color: #f8f9fa !important;}\u00a0\u00bb][vc_column width=\u00a0\u00bb3\/4&Prime; offset=\u00a0\u00bbvc_hidden-sm vc_hidden-xs\u00a0\u00bb][vc_tta_tour shape=\u00a0\u00bbsquare\u00a0\u00bb spacing=\u00a0\u00bb\u00a0\u00bb active_section=\u00a0\u00bb1&Prime; el_id=\u00a0\u00bbbox_shadow\u00a0\u00bb][vc_tta_section title=\u00a0\u00bbMISSION\u00a0\u00bb tab_id=\u00a0\u00bb1561305738645-98d425ea-d949&Prime;][vc_column_text] FRANCE: NOTRE [&hellip;]<\/p>\n","protected":false},"author":1,"featured_media":0,"parent":0,"menu_order":0,"comment_status":"closed","ping_status":"closed","template":"","meta":[],"yoast_head":"<!-- This site is optimized with the Yoast SEO plugin v16.1.1 - https:\/\/yoast.com\/wordpress\/plugins\/seo\/ -->\n<title>FRANCE: VISA \u00c9TUDIANT + 33-768-152-300 ou + 33 621 662 009<\/title>\n<meta name=\"description\" content=\"FRANCE: VISA \u00c9TUDIANT | R\u00c9SIDENCE | IMMIGRATION | CITOYENNET\u00c9 | SERVICES INIMEX | + 33-768-152-300 ou + 33 621 662 009 FRANCE\" \/>\n<link rel=\"canonical\" href=\"https:\/\/immigrationeu.fr\/fr\/france-visa-etudiant\/\" \/>\n<meta property=\"og:locale\" content=\"fr_FR\" \/>\n<meta property=\"og:type\" content=\"article\" \/>\n<meta property=\"og:title\" content=\"FRANCE: VISA \u00c9TUDIANT + 33-768-152-300 ou + 33 621 662 009\" \/>\n<meta property=\"og:description\" content=\"FRANCE: VISA \u00c9TUDIANT | R\u00c9SIDENCE | IMMIGRATION | CITOYENNET\u00c9 | SERVICES INIMEX | + 33-768-152-300 ou + 33 621 662 009 FRANCE\" \/>\n<meta property=\"og:url\" content=\"https:\/\/immigrationeu.fr\/fr\/france-visa-etudiant\/\" \/>\n<meta property=\"og:site_name\" content=\"Immigration EU\" \/>\n<meta property=\"article:modified_time\" content=\"2023-08-17T13:58:46+00:00\" \/>\n<meta name=\"twitter:card\" content=\"summary_large_image\" \/>\n<meta name=\"twitter:label1\" content=\"Dur\u00e9e de lecture est.\">\n\t<meta name=\"twitter:data1\" content=\"13 minutes\">\n<script type=\"application\/ld+json\" class=\"yoast-schema-graph\">{\"@context\":\"https:\/\/schema.org\",\"@graph\":[{\"@type\":\"WebSite\",\"@id\":\"https:\/\/immigrationeu.fr\/#website\",\"url\":\"https:\/\/immigrationeu.fr\/\",\"name\":\"Immigration EU\",\"description\":\"\",\"potentialAction\":[{\"@type\":\"SearchAction\",\"target\":\"https:\/\/immigrationeu.fr\/?s={search_term_string}\",\"query-input\":\"required name=search_term_string\"}],\"inLanguage\":\"fr-FR\"},{\"@type\":\"WebPage\",\"@id\":\"https:\/\/immigrationeu.fr\/fr\/france-visa-etudiant\/#webpage\",\"url\":\"https:\/\/immigrationeu.fr\/fr\/france-visa-etudiant\/\",\"name\":\"FRANCE: VISA \\u00c9TUDIANT + 33-768-152-300 ou + 33 621 662 009\",\"isPartOf\":{\"@id\":\"https:\/\/immigrationeu.fr\/#website\"},\"datePublished\":\"2019-07-24T00:45:05+00:00\",\"dateModified\":\"2023-08-17T13:58:46+00:00\",\"description\":\"FRANCE: VISA \\u00c9TUDIANT | R\\u00c9SIDENCE | IMMIGRATION | CITOYENNET\\u00c9 | SERVICES INIMEX | + 33-768-152-300 ou + 33 621 662 009 FRANCE\",\"breadcrumb\":{\"@id\":\"https:\/\/immigrationeu.fr\/fr\/france-visa-etudiant\/#breadcrumb\"},\"inLanguage\":\"fr-FR\",\"potentialAction\":[{\"@type\":\"ReadAction\",\"target\":[\"https:\/\/immigrationeu.fr\/fr\/france-visa-etudiant\/\"]}]},{\"@type\":\"BreadcrumbList\",\"@id\":\"https:\/\/immigrationeu.fr\/fr\/france-visa-etudiant\/#breadcrumb\",\"itemListElement\":[{\"@type\":\"ListItem\",\"position\":1,\"item\":{\"@type\":\"WebPage\",\"@id\":\"https:\/\/immigrationeu.fr\/fr\/\",\"url\":\"https:\/\/immigrationeu.fr\/fr\/\",\"name\":\"Home\"}},{\"@type\":\"ListItem\",\"position\":2,\"item\":{\"@type\":\"WebPage\",\"@id\":\"https:\/\/immigrationeu.fr\/fr\/france-visa-etudiant\/\",\"url\":\"https:\/\/immigrationeu.fr\/fr\/france-visa-etudiant\/\",\"name\":\"France: Visa \\u00e9tudiant\"}}]}]}<\/script>\n<!-- \/ Yoast SEO plugin. -->","_links":{"self":[{"href":"https:\/\/immigrationeu.fr\/fr\/wp-json\/wp\/v2\/pages\/1515"}],"collection":[{"href":"https:\/\/immigrationeu.fr\/fr\/wp-json\/wp\/v2\/pages"}],"about":[{"href":"https:\/\/immigrationeu.fr\/fr\/wp-json\/wp\/v2\/types\/page"}],"author":[{"embeddable":true,"href":"https:\/\/immigrationeu.fr\/fr\/wp-json\/wp\/v2\/users\/1"}],"replies":[{"embeddable":true,"href":"https:\/\/immigrationeu.fr\/fr\/wp-json\/wp\/v2\/comments?post=1515"}],"version-history":[{"count":18,"href":"https:\/\/immigrationeu.fr\/fr\/wp-json\/wp\/v2\/pages\/1515\/revisions"}],"predecessor-version":[{"id":4469,"href":"https:\/\/immigrationeu.fr\/fr\/wp-json\/wp\/v2\/pages\/1515\/revisions\/4469"}],"wp:attachment":[{"href":"https:\/\/immigrationeu.fr\/fr\/wp-json\/wp\/v2\/media?parent=1515"}],"curies":[{"name":"wp","href":"https:\/\/api.w.org\/{rel}","templated":true}]}}